{"id":11608,"date":"2016-10-13T21:55:50","date_gmt":"2016-10-13T19:55:50","guid":{"rendered":"https:\/\/www.cavilam.com\/es\/?page_id=11608"},"modified":"2025-04-17T17:48:44","modified_gmt":"2025-04-17T15:48:44","slug":"la-escuela","status":"publish","type":"page","link":"https:\/\/www.cavilam.com\/es\/la-escuela\/","title":{"rendered":"La escuela"},"content":{"rendered":"<section class=\"full-width-bg lead page-about logoLeadEcole\"><div>\n<h1 style=\"font-size: 30px; line-height: 34px;\">Nuestro trabajo es nuestra pasi\u00f3n.<br \/>\nNuestra pasi\u00f3n es ense\u00f1ar franc\u00e9s.<\/h1>\n<p class=\"note\">Nuestro trabajo es principialmente dar ganas de la lengua francesa, despertar el inter\u00e9s y la curiosidad de Francia y otros pa\u00edses de habla francesa, apoyar el placer de aprender y ense\u00f1ar.<\/p>\n<p>Venir a Vichy para una formaci\u00f3n, es tambi\u00e9n vivir una experiencia humana apasionante y de inmersi\u00f3n cultural en la vida cotidiana francesa y el descubrimiento de un lugar excepcional en el coraz\u00f3n de Francia : la regi\u00f3n de Auvernia &#8211; Rh\u00f4nes &#8211; Alpes.<\/p>\n<img decoding=\"async\" src=\"https:\/\/www.cavilam.com\/wp-content\/uploads\/2024\/03\/logocavilam2024.png\" alt=\"Image\" ><\/div><div class=\"clear\"><\/div><\/section>\n<div class=\"lead-block\"><h2 class=\"alt\">Tenemos algo de lo cual podemos estar orgullosos !<\/h2><\/div>\n<section class=\"columns center\">\n<article class=\"col col4\">\n<div class=\"animated-milestone\" data-value=\"365\" data-speed=\"2000\" data-color=\"e41b47\">0<\/div>\n<h4>Abierto todo el a\u00f1o<\/h4>\n<p>El CAVILAM &#8211; Alliance Fran\u00e7aise est\u00e1 abierto todo el a\u00f1o. El registro es posible a partir de una semana de clases. Los ciclos de clases cominezan todos los lunes.<\/p><\/article>\n<article class=\"col col4\">\n<div class=\"animated-milestone\" data-value=\"120\" data-speed=\"1500\" data-color=\"003768\">0<span>+<\/span><\/div>\n<h4>Nacionalidades<\/h4>\n<p>Cada a\u00f1o m\u00e1s de 4000 participantes de m\u00e1s de 120 nacionalidades aprenden el franc\u00e9s en un ambiente c\u00e1lido y un entorno majestuoso.<\/p><\/article>\n<article class=\"col col4\">\n<div class=\"animated-milestone\" data-value=\"5\" data-speed=\"1000\" data-color=\"e41b47\">0<\/div>\n<h4>Calidades certificadas<\/h4>\n<p>Desde 2008, establecimiento ha sido galardonado con el sello &#8220;Label Qualit\u00e9 FLE&#8221;, garant\u00eda de calidad aplicada a la recepci\u00f3n, facilidades, profesores, formaci\u00f3n y gesti\u00f3n.<\/p><\/article>\n<article class=\"col col4\">\n<div class=\"animated-milestone\" data-value=\"125\" data-speed=\"1000\" data-color=\"003768\">0<span>+<\/span><\/div>\n<h4>Formaci\u00f3nes<\/h4>\n<p>El CAVILAM &#8211; Alliance Fran\u00e7aise ofrece durante todo el a\u00f1o m\u00e1s de 125 cursos de formaci\u00f3n para todos los niveles, en conformidad con el <span class=\"tooltip-text dark\" title=\"Marco Com\u00fan Europeo de Referencia para las Lenguas\"><span class=\"underline\"><a href=\"https:\/\/www.cavilam.com\/wp-content\/uploads\/2022\/12\/CECR.pdf\">CEFR<\/a><\/span><\/span>.<br \/><\/article>\n<\/section>\n<section class=\"columns center\">\n<hr style=\"margin: 0 auto 55px;\" \/>\n<\/section>\n<section class=\"columns larger-text\">\n<article class=\"col col3\"><img fetchpriority=\"high\" decoding=\"async\" class=\"alignnone size-full wp-image-12527\" src=\"https:\/\/www.cavilam.com\/wp-content\/uploads\/2016\/10\/Untitled-1.png\" alt=\"notre-methodologie\" width=\"394\" height=\"394\" srcset=\"https:\/\/www.cavilam.com\/wp-content\/uploads\/2016\/10\/Untitled-1.png 394w, https:\/\/www.cavilam.com\/wp-content\/uploads\/2016\/10\/Untitled-1-150x150.png 150w, https:\/\/www.cavilam.com\/wp-content\/uploads\/2016\/10\/Untitled-1-300x300.png 300w, https:\/\/www.cavilam.com\/wp-content\/uploads\/2016\/10\/Untitled-1-78x78.png 78w, https:\/\/www.cavilam.com\/wp-content\/uploads\/2016\/10\/Untitled-1-155x155.png 155w, https:\/\/www.cavilam.com\/wp-content\/uploads\/2016\/10\/Untitled-1-90x90.png 90w, https:\/\/www.cavilam.com\/wp-content\/uploads\/2016\/10\/Untitled-1-50x50.png 50w\" sizes=\"(max-width: 394px) 100vw, 394px\" \/><\/article>\n<article class=\"col col23\">\n<h2>Nuestra metodolog\u00eda<\/h2>\n<p><span class=\"chapo\">Aprender franc\u00e9s y conocer mejor la sociedad francesa: \u00e9stos son los dos objetivos de nuestros cursos. Nuestra pedagog\u00eda se basa en las \u00faltimas innovaciones metodol\u00f3gicas y desarrolla el enfoque comunicativo y el enfoque por tareas :<\/span><br \/>\n\n<ul class=\"checklist tick3\">\n<li>Un aprendizaje intensivo mediante actividades variadas<\/li>\n<li>Enfoques que favorecen la adquisici\u00f3n de competencias comunicativas.<\/li>\n<li>Intercambios interculturales enriquecedores<\/li>\n<\/ul><\/article>\n<\/section>\n<hr class=\"divider-md\" \/>\n<section class=\"columns larger-text\">\n<article class=\"col col23\">\n<h2>Un centro de excelencia<\/h2>\n<p><span class=\"chapo\">Ubicado en un enclave privilegiado, al pie del precioso parque de los Celestinos, a orillas del r\u00edo Allier, CAVILAM \u2013 Alliance Fran\u00e7aise le propone una ense\u00f1anza de alta calidad con toda la comodidad y la elegancia que cabe esperar de un espacio moderno de 9.000 m2, dotado de un equipamiento t\u00e9cnico excepcional.<\/span><\/p>\n<p><span class=\"chapo\">El edificio es accesible para personas con movilidad reducida.<\/span><\/p>\n<p><span class=\"chapo\">El centro colabora con regularidad con el Ministerio de Asuntos Exteriores, el Institut Fran\u00e7ais, la Organizaci\u00f3n Internacional de la Francofono\u00eda, los servicios culturales franceses en el extranjero y varios medios de comunicaci\u00f3n, principalmente TV5MONDE, Radio France International y Canal Acad\u00e9mie.<\/span><br \/><\/article>\n<article class=\"col col3\"><img decoding=\"async\" class=\"alignnone size-full wp-image-12528\" src=\"https:\/\/www.cavilam.com\/wp-content\/uploads\/2016\/10\/Notre-e\u0301cole.png\" alt=\"notre-ecole\" width=\"394\" height=\"394\" srcset=\"https:\/\/www.cavilam.com\/wp-content\/uploads\/2016\/10\/Notre-e\u0301cole.png 394w, https:\/\/www.cavilam.com\/wp-content\/uploads\/2016\/10\/Notre-e\u0301cole-150x150.png 150w, https:\/\/www.cavilam.com\/wp-content\/uploads\/2016\/10\/Notre-e\u0301cole-300x300.png 300w, https:\/\/www.cavilam.com\/wp-content\/uploads\/2016\/10\/Notre-e\u0301cole-78x78.png 78w, https:\/\/www.cavilam.com\/wp-content\/uploads\/2016\/10\/Notre-e\u0301cole-155x155.png 155w, https:\/\/www.cavilam.com\/wp-content\/uploads\/2016\/10\/Notre-e\u0301cole-90x90.png 90w, https:\/\/www.cavilam.com\/wp-content\/uploads\/2016\/10\/Notre-e\u0301cole-50x50.png 50w\" sizes=\"(max-width: 394px) 100vw, 394px\" \/><\/article>\n<\/section>\n<hr class=\"divider-md\" \/>\n<section class=\"columns larger-text\">\n<article class=\"col col3\"><img decoding=\"async\" class=\"alignnone size-full wp-image-12528\" src=\"https:\/\/www.cavilam.com\/wp-content\/uploads\/2016\/10\/mediatheque.png\" alt=\"notre-ecole\" width=\"394\" height=\"394\" \/><\/article>\n<article class=\"col col23\">\n<h2>Un centro de recursos<\/h2>\n<p>Con una biblioteca de 20.000 documentos sobre todo tipo de medios (libros, prensa, CD, DVD), la <i>&#8220;M\u00e9diath\u00e8que de l&#8217;Orangerie&#8221;<\/i> es un espacio libre de trabajo y descubrimiento accesible a todos los estudiantes. Tercer centro m\u00e1s importante de recursos de franc\u00e9s como lengua extranjera en Francia, esta mediateca ofrece numerosos recursos especializados en el aprendizaje y la ense\u00f1anza de la lengua francesa y las culturas franc\u00f3fonas.<\/p>\n<p>Abierta todo el a\u00f1o de 10:00 am a 6:30 pm ininterrumpido, usted ser\u00e1 capaz de encontrar no s\u00f3lo un lugar de trabajo espacioso y agradable, sino tambi\u00e9n un lugar donde se llevan a cabo numerosos eventos culturales. Estaciones con ordenadores, auriculares y Wifi tambi\u00e9n est\u00e1n a su disposici\u00f3n.<br \/><\/article>\n<\/section>\n<hr class=\"divider-md\" \/>\n<section class=\"columns larger-text\">\n<article class=\"col col23\">\n<h2>Servicios culturales<\/h2>\n<p>El servicio cultural del CAVILAM &#8211; Alliance Fran\u00e7aise le ofrece muchas actividades para profundizar su encuentro con la cultura francesa y enriquecer su estancia. Excursiones al aire libre, visitas de ciudades y degustaciones le permitir\u00e1 combinar la teor\u00eda de los cursos con la pr\u00e1ctica del franc\u00e9s la vida real. Durante su estancia, podemos ayudarle a organizar sus viajes, reservar hoteles, informaci\u00f3n sobre visitas, etc &#8230;<\/p>\n<p>Tambi\u00e9n puede beneficiarse de un acompa\u00f1amiento para su solicitud a la universidad, su curriculum vital y cartas de presentaci\u00f3n.<br \/><\/article>\n<article class=\"col col3\"><img loading=\"lazy\" decoding=\"async\" class=\"alignnone size-full wp-image-12528\" src=\"https:\/\/www.cavilam.com\/wp-content\/uploads\/2016\/10\/Service-Culturel.png\" alt=\"notre-ecole\" width=\"394\" height=\"394\" \/><\/article>\n<\/section>\n<hr class=\"divider-md\" \/>\n<section class=\"columns larger-text\">\n<article class=\"col col3\"><img loading=\"lazy\" decoding=\"async\" class=\"alignnone size-full wp-image-12530\" src=\"https:\/\/www.cavilam.com\/wp-content\/uploads\/2016\/10\/Notre-ville.png\" alt=\"notre-ville\" width=\"394\" height=\"394\" srcset=\"https:\/\/www.cavilam.com\/wp-content\/uploads\/2016\/10\/Notre-ville.png 394w, https:\/\/www.cavilam.com\/wp-content\/uploads\/2016\/10\/Notre-ville-150x150.png 150w, https:\/\/www.cavilam.com\/wp-content\/uploads\/2016\/10\/Notre-ville-300x300.png 300w, https:\/\/www.cavilam.com\/wp-content\/uploads\/2016\/10\/Notre-ville-78x78.png 78w, https:\/\/www.cavilam.com\/wp-content\/uploads\/2016\/10\/Notre-ville-155x155.png 155w, https:\/\/www.cavilam.com\/wp-content\/uploads\/2016\/10\/Notre-ville-90x90.png 90w, https:\/\/www.cavilam.com\/wp-content\/uploads\/2016\/10\/Notre-ville-50x50.png 50w\" sizes=\"(max-width: 394px) 100vw, 394px\" \/><\/article>\n<article class=\"col col23\">\n<h2>Vichy, &#8220;Reina de las ciudades de agua&#8221; &#8211; patrimonio mundial de la UNESCO<\/h2>\n<p><span class=\"chapo\">Vichy, la \u201creina de las ciudades de agua\u201d es un apreciado destino tur\u00edstico y termal. Sus casas se\u00f1oriales, sus largos paseos a la sombra de \u00e1rboles centenarios de los parques que datan de la \u00e9poca napole\u00f3nica, sus fuentes termales con propiedades beneficiosas, su \u00f3pera de inspiraci\u00f3n art nouveau y el r\u00edo Allier le confieren un encanto exclusivo y evocan el arte de vivir \u201c\u00e0 la fran\u00e7aise\u201d. Para los amantes del deporte, Vichy dispone de infraestructuras deportivas de \u00faltima generaci\u00f3n, en un entorno en el que destaca el verde de sus parajes. Desde julio de 2021, Vichy y otras 11 ciudades del agua europeas son patrimonio mundial de la UNESCO.<br \/><\/article>\n<\/section><\/span><\/p>\n<div class=\"full-width-bg purple\" style=\"background-color: #003768;\"><div class=\"content-container\">\n<div class=\"lead-block\"><h2 class=\"alt\">Nuestros valores<\/h2><p class=\"muted\">En CAVILAM \u2013 Alliance Fran\u00e7aise, centro social, de aprendizaje ling\u00fc\u00edstico y de intercambios pluriculturales, queremos compartir con usted nuestros valores :<\/p><\/div>\n<section class=\"columns\">\n<article class=\"col col3\">\n<div class=\"box-icon-left\"><span class=\"fa-stack fa-2x\"><i class=\"fa fa-star fa-stack-1x fa-inverse fa-radius\" style=\"background:#e41b47;\"><\/i><\/span>\n<h4>Excelencia<\/h4>\n<p>Una escuela reconocida internacionalmente por sus contribuciones al aprendizaje del franc\u00e9s como lengua extranjera desde hace 50 a\u00f1os.<br \/>\n<\/div><\/article>\n<article class=\"col col3\">\n<div class=\"box-icon-left\"><span class=\"fa-stack fa-2x\"><i class=\"fa fa-graduation-cap fa-stack-1x fa-inverse fa-radius\" style=\"background:#e41b47;\"><\/i><\/span>\n<h4>Innovaci\u00f3n<\/h4>\n<p>Dedicamos nuestros esfuerzos a la creaci\u00f3n de nuevas herramientas de ense\u00f1anza y re-inventarnos todos los d\u00edas.<\/p>\n<\/div><\/article>\n<article class=\"col col3\">\n<div class=\"box-icon-left\"><span class=\"fa-stack fa-2x\"><i class=\"fa fa-thumbs-up fa-stack-1x fa-inverse fa-radius\" style=\"background:#e41b47;\"><\/i><\/span>\n<h4>Sociabilidad<\/h4>\n<p>Un entorno \u00fanico que favorece el descubrimiento de la lengua francesa y tambi\u00e9n el descubrimiento del mundo.<\/p>\n<\/div><\/article>\n<\/section>\n<\/div><\/div>\n<div class=\"lead-block\"><h2 class=\"alt\">Nuestro equipo<\/h2><p class=\"muted\">Todos nuestros equipos est\u00e1n a su disposici\u00f3n. Ellos lo acompa\u00f1an durante su estancia en Vichy para que esta sea lo m\u00e1s agradable y eficiente posible.<\/p><\/div>\n<section class=\"columns center\">\n<article class=\"col col3\">\n<div class=\"video-testimonial\"><img decoding=\"async\" class=\"image\" src=\"https:\/\/www.cavilam.com\/wp-content\/uploads\/2022\/12\/Gregory-LASNEi.jpg\" alt=\"Gr\u00e9gory LASNE\" width=\"160\" \/><\/div>\n<h4 class=\"team-names\">Gr\u00e9gory LASNE<\/h4>\n<p class=\"position\">Director General<\/p>\n<p class=\"email\"><a href=\"mailto:glasne@cavilam.com\">glasne@cavilam.com<\/a><\/p><\/article>\n<article class=\"col col3\">\n<div class=\"video-testimonial\"><img decoding=\"async\" class=\"image\" src=\"https:\/\/www.cavilam.com\/wp-content\/uploads\/2022\/12\/Christine-BUSSON-CAMARA.jpg\" alt=\"Christine\" \/><\/div>\n<h4 class=\"team-names\">Christine BUSSON-CAMARA<\/h4>\n<p class=\"position\">Directora del Departamento de Lenguas Extranjeras<\/p>\n<p class=\"email\"><a href=\"mailto:cbusson-camara@cavilam.com \">cbusson-camara@cavilam.com <\/a><\/p><\/article>\n<article class=\"col col3\">\n<div class=\"video-testimonial\"><img decoding=\"async\" class=\"image\" src=\"https:\/\/www.cavilam.com\/wp-content\/uploads\/2022\/12\/Magali-LEPRON.jpg\" alt=\"Magali LEPRON\" \/><\/div>\n<h4 class=\"team-names\">Magali LEPRON<\/h4>\n<p class=\"position\">Directora de Relaciones Internacionales<\/p>\n<p class=\"email\"><a href=\"mailto:mlepron@cavilam.com\">mlepron@cavilam.com<\/a><\/p><\/article>\n<article class=\"col col4\">\n<div class=\"video-testimonial\"><img decoding=\"async\" class=\"image\" src=\"https:\/\/www.cavilam.com\/wp-content\/uploads\/2022\/12\/Emilie-BARTKOWSKI.jpg\" alt=\"Emilie BARTKOWSKI\" \/><\/div>\n<h4 class=\"team-names\">Emilie BARTKOWSKI<\/h4>\n<p class=\"position\">Responsable de alojamiento<\/p>\n<p class=\"email\"><a href=\"mailto:ebartkowski@cavilam.com\">ebartkowski@cavilam.com<\/a><\/p><\/article>\n<article class=\"col col4\">\n<div class=\"video-testimonial\"><img decoding=\"async\" class=\"image\" src=\"https:\/\/www.cavilam.com\/wp-content\/uploads\/2023\/02\/Murielle-BIDAULT.jpg\" alt=\"Murielle BIDAULT\" \/><\/div>\n<h4 class=\"team-names\">Murielle BIDAULT<\/h4>\n<p class=\"position\">Responsable de los cursos de franc\u00e9s<\/p>\n<p class=\"email\"><a href=\"mailto:mbidault@cavilam.com\">mbidault@cavilam.com<\/a><\/p><\/article>\n<article class=\"col col4\">\n<div class=\"video-testimonial\"><img decoding=\"async\" class=\"image\" src=\"https:\/\/www.cavilam.com\/wp-content\/uploads\/2023\/02\/Jean-Noel-LAFARGE.jpg\" alt=\"Jean-Noel LAFARGE\" \/><\/div>\n<h4 class=\"team-names\">Jean-No\u00ebl LAFARGE<\/h4>\n<p class=\"position\">Responsable de RRHH\/Calidad<\/p>\n<p class=\"email\"><a href=\"mailto:jnlafarge@cavilam.com \">jnlafarge@cavilam.com <\/a><\/p><\/article>\n<article class=\"col col4\">\n<div class=\"video-testimonial\"><img decoding=\"async\" class=\"image\" src=\"https:\/\/www.cavilam.com\/wp-content\/uploads\/2023\/02\/Julien-LEGAY.jpg\" alt=\"Julien LEGAY\" \/><\/div>\n<h4 class=\"team-names\">Julien LEGAY<\/h4>\n<p class=\"position\">Director de TI<\/p>\n<p class=\"email\"><a href=\"mailto:jlegay@cavilam.com\">jlegay@cavilam.com<\/a><\/p><\/article>\n<article class=\"col col4\">\n<div class=\"video-testimonial\"><img decoding=\"async\" class=\"image\" src=\"https:\/\/www.cavilam.com\/wp-content\/uploads\/2023\/02\/Anne-MARTIN.jpg\" alt=\"Anne MARTIN\" \/><\/div>\n<h4 class=\"team-names\">Anne MARTIN<\/h4>\n<p class=\"position\">Responsable de contabilidad<\/p>\n<p class=\"email\"><a href=\"mailto:amartin@cavilam.com\">amartin@cavilam.com<\/a><\/p><\/article>\n<article class=\"col col4\">\n<div class=\"video-testimonial\"><img decoding=\"async\" class=\"image\" src=\"https:\/\/www.cavilam.com\/wp-content\/uploads\/2022\/12\/Guillaume-RICHARD.jpg\" alt=\"Guillaume RICHARD\" \/><\/div>\n<h4 class=\"team-names\">Guillaume RICHARD<\/h4>\n<p class=\"position\">Responsable cultural y de recepci\u00f3n<\/p>\n<p class=\"email\"><a href=\"mailto:grichard@cavilam.com\">grichard@cavilam.com<\/a><\/p><\/article>\n<article class=\"col col4\">\n<div class=\"video-testimonial\"><img decoding=\"async\" class=\"image\" src=\"https:\/\/www.cavilam.com\/wp-content\/uploads\/2023\/02\/Delphine-SUDRE.jpg\" alt=\"Delphine SUDRE\" \/><\/div>\n<h4 class=\"team-names\">Delphine SUDRE<\/h4>\n<p class=\"position\">Desarrollo de la innovaci\u00f3n digital<\/p>\n<p class=\"email\"><a href=\"mailto:dsudre@cavilam.com\">dsudre@cavilam.com<\/a><\/p><\/article>\n<article class=\"col col4\">\n<div class=\"video-testimonial\"><img decoding=\"async\" class=\"image\" src=\"https:\/\/www.cavilam.com\/wp-content\/uploads\/2023\/02\/Frederique-TREFFANDIER.jpg\" alt=\"Frederique TREFFANDIER\" \/><\/div>\n<h4 class=\"team-names\">Fr\u00e9d\u00e9rique TREFFANDIER<\/h4>\n<p class=\"position\">Responsable de Formaci\u00f3n del Profesorado<\/p>\n<p class=\"email\"><a href=\"mailto:ftreffandier@cavilam.com\">ftreffandier@cavilam.com<\/a><\/p><\/article>\n<article class=\"col col4\">\n<div class=\"video-testimonial\"><img decoding=\"async\" class=\"image\" src=\"https:\/\/www.cavilam.com\/wp-content\/uploads\/2022\/12\/Chloe-BRUNET.jpg\" alt=\"Chlo\u00e9 BRUNET\" \/><\/div>\n<h4 class=\"team-names\">Chlo\u00e9 BRUNET<\/h4>\n<p class=\"position\">Oficial de Relaciones Internacionales<\/p>\n<p class=\"email\"><a href=\"mailto:cbrunet@cavilam.com\">cbrunet@cavilam.com<\/a><\/p><\/article>\n<article class=\"col col4\">\n<div class=\"video-testimonial\"><img decoding=\"async\" class=\"image\" src=\"https:\/\/www.cavilam.com\/wp-content\/uploads\/2022\/12\/Matthieu-THEVENON.jpg\" alt=\"Matthieu THEVENON\" \/><\/div>\n<h4 class=\"team-names\">Matthieu THEVENON<\/h4>\n<p class=\"position\">Oficial de desarrollo<\/p>\n<p class=\"email\"><a href=\"mailto:mthevenon@cavilam.com\">mthevenon@cavilam.com<\/a><\/p><\/article>\n<article class=\"col col4\">\n<div class=\"video-testimonial\"><img decoding=\"async\" class=\"image\" src=\"https:\/\/www.cavilam.com\/wp-content\/uploads\/2022\/12\/Marion-VILLIERS.jpg\" alt=\"marion-villiers\" \/><\/div>\n<h4 class=\"team-names\">Marion VILLIERS<\/h4>\n<p class=\"position\">Oficial de Relaciones Internacionales<\/p>\n<p class=\"email\"><a href=\"mailto:mvilliers@cavilam.com\">mvilliers@cavilam.com<\/a><\/p><\/article>\n<p>&nbsp;<\/p>\n<\/section>\n","protected":false},"excerpt":{"rendered":"<p>&nbsp;<\/p>\n","protected":false},"author":3,"featured_media":0,"parent":0,"menu_order":0,"comment_status":"closed","ping_status":"closed","template":"","meta":{"_acf_changed":false,"footnotes":""},"class_list":["post-11608","page","type-page","status-publish","hentry"],"acf":[],"yoast_head":"<!-- This site is optimized with the Yoast SEO plugin v27.4 - https:\/\/yoast.com\/product\/yoast-seo-wordpress\/ -->\n<title>Nuestra escuela | Aprende franc\u00e9s | ense\u00f1ar franc\u00e9s<\/title>\n<meta name=\"description\" content=\"Nuestro trabajo, nuestra pasi\u00f3n: es sobre todo hacer que la gente quiera hablar franc\u00e9s, despertar el inter\u00e9s y la curiosidad por Francia y otros pa\u00edses de habla francesa, apoyar el placer de aprender y ense\u00f1ar franc\u00e9s.\" \/>\n<meta name=\"robots\" content=\"index, follow, max-snippet:-1, max-image-preview:large, max-video-preview:-1\" \/>\n<link rel=\"canonical\" href=\"https:\/\/www.cavilam.com\/es\/la-escuela\/\" \/>\n<meta property=\"og:locale\" content=\"es_ES\" \/>\n<meta property=\"og:type\" content=\"article\" \/>\n<meta property=\"og:title\" content=\"Nuestra escuela | Aprende franc\u00e9s | ense\u00f1ar franc\u00e9s\" \/>\n<meta property=\"og:description\" content=\"Nuestro trabajo, nuestra pasi\u00f3n: es sobre todo hacer que la gente quiera hablar franc\u00e9s, despertar el inter\u00e9s y la curiosidad por Francia y otros pa\u00edses de habla francesa, apoyar el placer de aprender y ense\u00f1ar franc\u00e9s.\" \/>\n<meta property=\"og:url\" content=\"https:\/\/www.cavilam.com\/es\/la-escuela\/\" \/>\n<meta property=\"og:site_name\" content=\"CAVILAM - Alliance Fran\u00e7aise\" \/>\n<meta property=\"article:publisher\" content=\"https:\/\/www.facebook.com\/cavilamofficiel\" \/>\n<meta property=\"article:modified_time\" content=\"2025-04-17T15:48:44+00:00\" \/>\n<meta property=\"og:image\" content=\"https:\/\/www.cavilam.com\/wp-content\/uploads\/2016\/10\/Untitled-1.png\" \/>\n<meta name=\"twitter:card\" content=\"summary_large_image\" \/>\n<meta name=\"twitter:site\" content=\"@cavilamvichy\" \/>\n<meta name=\"twitter:label1\" content=\"Est. reading time\" \/>\n\t<meta name=\"twitter:data1\" content=\"10 minutes\" \/>\n<script type=\"application\/ld+json\" class=\"yoast-schema-graph\">{\"@context\":\"https:\\\/\\\/schema.org\",\"@graph\":[{\"@type\":\"WebPage\",\"@id\":\"https:\\\/\\\/www.cavilam.com\\\/es\\\/la-escuela\\\/\",\"url\":\"https:\\\/\\\/www.cavilam.com\\\/es\\\/la-escuela\\\/\",\"name\":\"Nuestra escuela | Aprende franc\u00e9s | ense\u00f1ar franc\u00e9s\",\"isPartOf\":{\"@id\":\"https:\\\/\\\/www.cavilam.com\\\/es\\\/#website\"},\"primaryImageOfPage\":{\"@id\":\"https:\\\/\\\/www.cavilam.com\\\/es\\\/la-escuela\\\/#primaryimage\"},\"image\":{\"@id\":\"https:\\\/\\\/www.cavilam.com\\\/es\\\/la-escuela\\\/#primaryimage\"},\"thumbnailUrl\":\"https:\\\/\\\/www.cavilam.com\\\/wp-content\\\/uploads\\\/2016\\\/10\\\/Untitled-1.png\",\"datePublished\":\"2016-10-13T19:55:50+00:00\",\"dateModified\":\"2025-04-17T15:48:44+00:00\",\"description\":\"Nuestro trabajo, nuestra pasi\u00f3n: es sobre todo hacer que la gente quiera hablar franc\u00e9s, despertar el inter\u00e9s y la curiosidad por Francia y otros pa\u00edses de habla francesa, apoyar el placer de aprender y ense\u00f1ar franc\u00e9s.\",\"breadcrumb\":{\"@id\":\"https:\\\/\\\/www.cavilam.com\\\/es\\\/la-escuela\\\/#breadcrumb\"},\"inLanguage\":\"es-ES\",\"potentialAction\":[{\"@type\":\"ReadAction\",\"target\":[\"https:\\\/\\\/www.cavilam.com\\\/es\\\/la-escuela\\\/\"]}]},{\"@type\":\"ImageObject\",\"inLanguage\":\"es-ES\",\"@id\":\"https:\\\/\\\/www.cavilam.com\\\/es\\\/la-escuela\\\/#primaryimage\",\"url\":\"https:\\\/\\\/www.cavilam.com\\\/wp-content\\\/uploads\\\/2016\\\/10\\\/Untitled-1.png\",\"contentUrl\":\"https:\\\/\\\/www.cavilam.com\\\/wp-content\\\/uploads\\\/2016\\\/10\\\/Untitled-1.png\"},{\"@type\":\"BreadcrumbList\",\"@id\":\"https:\\\/\\\/www.cavilam.com\\\/es\\\/la-escuela\\\/#breadcrumb\",\"itemListElement\":[{\"@type\":\"ListItem\",\"position\":1,\"name\":\"Accueil\",\"item\":\"https:\\\/\\\/www.cavilam.com\\\/es\\\/\"},{\"@type\":\"ListItem\",\"position\":2,\"name\":\"La escuela\"}]},{\"@type\":\"WebSite\",\"@id\":\"https:\\\/\\\/www.cavilam.com\\\/es\\\/#website\",\"url\":\"https:\\\/\\\/www.cavilam.com\\\/es\\\/\",\"name\":\"CAVILAM - Alliance Fran\u00e7aise\",\"description\":\"Apprendre le fran\u00e7ais en France\",\"publisher\":{\"@id\":\"https:\\\/\\\/www.cavilam.com\\\/es\\\/#organization\"},\"potentialAction\":[{\"@type\":\"SearchAction\",\"target\":{\"@type\":\"EntryPoint\",\"urlTemplate\":\"https:\\\/\\\/www.cavilam.com\\\/es\\\/?s={search_term_string}\"},\"query-input\":{\"@type\":\"PropertyValueSpecification\",\"valueRequired\":true,\"valueName\":\"search_term_string\"}}],\"inLanguage\":\"es-ES\"},{\"@type\":\"Organization\",\"@id\":\"https:\\\/\\\/www.cavilam.com\\\/es\\\/#organization\",\"name\":\"Cavilam Alliance Fran\u00e7aise\",\"url\":\"https:\\\/\\\/www.cavilam.com\\\/es\\\/\",\"logo\":{\"@type\":\"ImageObject\",\"inLanguage\":\"es-ES\",\"@id\":\"https:\\\/\\\/www.cavilam.com\\\/es\\\/#\\\/schema\\\/logo\\\/image\\\/\",\"url\":\"https:\\\/\\\/www.cavilam.com\\\/wp-content\\\/uploads\\\/2017\\\/05\\\/logo-site-1.png\",\"contentUrl\":\"https:\\\/\\\/www.cavilam.com\\\/wp-content\\\/uploads\\\/2017\\\/05\\\/logo-site-1.png\",\"width\":130,\"height\":92,\"caption\":\"Cavilam Alliance Fran\u00e7aise\"},\"image\":{\"@id\":\"https:\\\/\\\/www.cavilam.com\\\/es\\\/#\\\/schema\\\/logo\\\/image\\\/\"},\"sameAs\":[\"https:\\\/\\\/www.facebook.com\\\/cavilamofficiel\",\"https:\\\/\\\/x.com\\\/cavilamvichy\",\"https:\\\/\\\/www.youtube.com\\\/user\\\/CAVILAMVICHY\"]}]}<\/script>\n<!-- \/ Yoast SEO plugin. -->","yoast_head_json":{"title":"Nuestra escuela | Aprende franc\u00e9s | ense\u00f1ar franc\u00e9s","description":"Nuestro trabajo, nuestra pasi\u00f3n: es sobre todo hacer que la gente quiera hablar franc\u00e9s, despertar el inter\u00e9s y la curiosidad por Francia y otros pa\u00edses de habla francesa, apoyar el placer de aprender y ense\u00f1ar franc\u00e9s.","robots":{"index":"index","follow":"follow","max-snippet":"max-snippet:-1","max-image-preview":"max-image-preview:large","max-video-preview":"max-video-preview:-1"},"canonical":"https:\/\/www.cavilam.com\/es\/la-escuela\/","og_locale":"es_ES","og_type":"article","og_title":"Nuestra escuela | Aprende franc\u00e9s | ense\u00f1ar franc\u00e9s","og_description":"Nuestro trabajo, nuestra pasi\u00f3n: es sobre todo hacer que la gente quiera hablar franc\u00e9s, despertar el inter\u00e9s y la curiosidad por Francia y otros pa\u00edses de habla francesa, apoyar el placer de aprender y ense\u00f1ar franc\u00e9s.","og_url":"https:\/\/www.cavilam.com\/es\/la-escuela\/","og_site_name":"CAVILAM - Alliance Fran\u00e7aise","article_publisher":"https:\/\/www.facebook.com\/cavilamofficiel","article_modified_time":"2025-04-17T15:48:44+00:00","og_image":[{"url":"https:\/\/www.cavilam.com\/wp-content\/uploads\/2016\/10\/Untitled-1.png","type":"","width":"","height":""}],"twitter_card":"summary_large_image","twitter_site":"@cavilamvichy","twitter_misc":{"Est. reading time":"10 minutes"},"schema":{"@context":"https:\/\/schema.org","@graph":[{"@type":"WebPage","@id":"https:\/\/www.cavilam.com\/es\/la-escuela\/","url":"https:\/\/www.cavilam.com\/es\/la-escuela\/","name":"Nuestra escuela | Aprende franc\u00e9s | ense\u00f1ar franc\u00e9s","isPartOf":{"@id":"https:\/\/www.cavilam.com\/es\/#website"},"primaryImageOfPage":{"@id":"https:\/\/www.cavilam.com\/es\/la-escuela\/#primaryimage"},"image":{"@id":"https:\/\/www.cavilam.com\/es\/la-escuela\/#primaryimage"},"thumbnailUrl":"https:\/\/www.cavilam.com\/wp-content\/uploads\/2016\/10\/Untitled-1.png","datePublished":"2016-10-13T19:55:50+00:00","dateModified":"2025-04-17T15:48:44+00:00","description":"Nuestro trabajo, nuestra pasi\u00f3n: es sobre todo hacer que la gente quiera hablar franc\u00e9s, despertar el inter\u00e9s y la curiosidad por Francia y otros pa\u00edses de habla francesa, apoyar el placer de aprender y ense\u00f1ar franc\u00e9s.","breadcrumb":{"@id":"https:\/\/www.cavilam.com\/es\/la-escuela\/#breadcrumb"},"inLanguage":"es-ES","potentialAction":[{"@type":"ReadAction","target":["https:\/\/www.cavilam.com\/es\/la-escuela\/"]}]},{"@type":"ImageObject","inLanguage":"es-ES","@id":"https:\/\/www.cavilam.com\/es\/la-escuela\/#primaryimage","url":"https:\/\/www.cavilam.com\/wp-content\/uploads\/2016\/10\/Untitled-1.png","contentUrl":"https:\/\/www.cavilam.com\/wp-content\/uploads\/2016\/10\/Untitled-1.png"},{"@type":"BreadcrumbList","@id":"https:\/\/www.cavilam.com\/es\/la-escuela\/#breadcrumb","itemListElement":[{"@type":"ListItem","position":1,"name":"Accueil","item":"https:\/\/www.cavilam.com\/es\/"},{"@type":"ListItem","position":2,"name":"La escuela"}]},{"@type":"WebSite","@id":"https:\/\/www.cavilam.com\/es\/#website","url":"https:\/\/www.cavilam.com\/es\/","name":"CAVILAM - Alliance Fran\u00e7aise","description":"Apprendre le fran\u00e7ais en France","publisher":{"@id":"https:\/\/www.cavilam.com\/es\/#organization"},"potentialAction":[{"@type":"SearchAction","target":{"@type":"EntryPoint","urlTemplate":"https:\/\/www.cavilam.com\/es\/?s={search_term_string}"},"query-input":{"@type":"PropertyValueSpecification","valueRequired":true,"valueName":"search_term_string"}}],"inLanguage":"es-ES"},{"@type":"Organization","@id":"https:\/\/www.cavilam.com\/es\/#organization","name":"Cavilam Alliance Fran\u00e7aise","url":"https:\/\/www.cavilam.com\/es\/","logo":{"@type":"ImageObject","inLanguage":"es-ES","@id":"https:\/\/www.cavilam.com\/es\/#\/schema\/logo\/image\/","url":"https:\/\/www.cavilam.com\/wp-content\/uploads\/2017\/05\/logo-site-1.png","contentUrl":"https:\/\/www.cavilam.com\/wp-content\/uploads\/2017\/05\/logo-site-1.png","width":130,"height":92,"caption":"Cavilam Alliance Fran\u00e7aise"},"image":{"@id":"https:\/\/www.cavilam.com\/es\/#\/schema\/logo\/image\/"},"sameAs":["https:\/\/www.facebook.com\/cavilamofficiel","https:\/\/x.com\/cavilamvichy","https:\/\/www.youtube.com\/user\/CAVILAMVICHY"]}]}},"_links":{"self":[{"href":"https:\/\/www.cavilam.com\/es\/wp-json\/wp\/v2\/pages\/11608","targetHints":{"allow":["GET"]}}],"collection":[{"href":"https:\/\/www.cavilam.com\/es\/wp-json\/wp\/v2\/pages"}],"about":[{"href":"https:\/\/www.cavilam.com\/es\/wp-json\/wp\/v2\/types\/page"}],"author":[{"embeddable":true,"href":"https:\/\/www.cavilam.com\/es\/wp-json\/wp\/v2\/users\/3"}],"replies":[{"embeddable":true,"href":"https:\/\/www.cavilam.com\/es\/wp-json\/wp\/v2\/comments?post=11608"}],"version-history":[{"count":47,"href":"https:\/\/www.cavilam.com\/es\/wp-json\/wp\/v2\/pages\/11608\/revisions"}],"predecessor-version":[{"id":25596,"href":"https:\/\/www.cavilam.com\/es\/wp-json\/wp\/v2\/pages\/11608\/revisions\/25596"}],"wp:attachment":[{"href":"https:\/\/www.cavilam.com\/es\/wp-json\/wp\/v2\/media?parent=11608"}],"curies":[{"name":"wp","href":"https:\/\/api.w.org\/{rel}","templated":true}]}}