{"id":12682,"date":"2016-10-13T16:58:26","date_gmt":"2016-10-13T14:58:26","guid":{"rendered":"https:\/\/www.cavilam.com\/es\/home\/"},"modified":"2024-06-20T15:33:24","modified_gmt":"2024-06-20T13:33:24","slug":"apprender-frances-el-corazon-de-francia","status":"publish","type":"page","link":"https:\/\/www.cavilam.com\/es\/","title":{"rendered":"Apprender Franc\u00e9s en el corazon de Francia"},"content":{"rendered":"\n\t\t\t<!-- START Homepage  Slide du Haut (ES) REVOLUTION SLIDER 6.6.20 --><p class=\"rs-p-wp-fix\"><\/p>\n\t\t\t<rs-module-wrap id=\"rev_slider_34_1_wrapper\" data-source=\"gallery\" style=\"visibility:hidden;background:transparent;padding:0;margin:0px auto;margin-top:0;margin-bottom:0;\">\n\t\t\t\t<rs-module id=\"rev_slider_34_1\" style=\"\" data-version=\"6.6.20\">\n\t\t\t\t\t<rs-slides style=\"overflow: hidden; position: absolute;\">\n\t\t\t\t\t\t<rs-slide style=\"position: absolute;\" data-key=\"rs-292\" data-title=\"SINGLE SLIDE\" data-anim=\"ms:10;\" data-in=\"o:1;\" data-out=\"a:false;\">\n\t\t\t\t\t\t\t<img decoding=\"async\" src=\"\/\/www.cavilam.com\/wp-content\/plugins\/revslider\/public\/assets\/assets\/dummy.png\" alt=\"SINGLE SLIDE\" title=\"Apprender Franc\u00e9s en el corazon de Francia\" class=\"rev-slidebg tp-rs-img rs-lazyload\" data-lazyload=\"\/\/www.cavilam.com\/wp-content\/plugins\/revslider\/public\/assets\/assets\/transparent.png\" data-parallax=\"off\" data-no-retina>\n<!--\t\t\t\t\t\t--><rs-zone id=\"rrzt_292\" class=\"rev_row_zone_top\" style=\"z-index: 5;\"><!--\n\n\t\t\t\t\t\t\t\t--><rs-row\n\t\t\t\t\t\t\t\t\tid=\"slider-34-slide-292-layer-7\" \n\t\t\t\t\t\t\t\t\tdata-type=\"row\"\n\t\t\t\t\t\t\t\t\tdata-text=\"l:22;a:inherit;\"\n\t\t\t\t\t\t\t\t\tdata-dim=\"w:1440;\"\n\t\t\t\t\t\t\t\t\tdata-rsp_bd=\"off\"\n\t\t\t\t\t\t\t\t\tdata-frame_0=\"o:1;\"\n\t\t\t\t\t\t\t\t\tdata-frame_1=\"st:1740;sR:1740;\"\n\t\t\t\t\t\t\t\t\tdata-frame_999=\"st:w;sR:6960;sA:9000;\"\n\t\t\t\t\t\t\t\t\tstyle=\"z-index:5;\"\n\t\t\t\t\t\t\t\t><!--\n\t\t\t\t\t\t\t\t\t--><rs-column\n\t\t\t\t\t\t\t\t\t\tid=\"slider-34-slide-292-layer-8\" \n\t\t\t\t\t\t\t\t\t\tdata-type=\"column\"\n\t\t\t\t\t\t\t\t\t\tdata-text=\"l:22;a:inherit;\"\n\t\t\t\t\t\t\t\t\t\tdata-vbility=\"t,t,f,f\"\n\t\t\t\t\t\t\t\t\t\tdata-rsp_bd=\"off\"\n\t\t\t\t\t\t\t\t\t\tdata-frame_0=\"o:1;\"\n\t\t\t\t\t\t\t\t\t\tdata-frame_1=\"st:1740;\"\n\t\t\t\t\t\t\t\t\t\tdata-frame_999=\"st:w;sR:6960;sA:9000;\"\n\t\t\t\t\t\t\t\t\t\tstyle=\"z-index:6;width:100%;\"\n\t\t\t\t\t\t\t\t\t><!--\n\t\t\t\t\t\t\t\t\t\t--><rs-layer\n\t\t\t\t\t\t\t\t\t\t\tid=\"slider-34-slide-292-layer-36\" \n\t\t\t\t\t\t\t\t\t\t\tdata-type=\"image\"\n\t\t\t\t\t\t\t\t\t\t\tdata-rsp_ch=\"on\"\n\t\t\t\t\t\t\t\t\t\t\tdata-xy=\"\"\n\t\t\t\t\t\t\t\t\t\t\tdata-pos=\"r\"\n\t\t\t\t\t\t\t\t\t\t\tdata-text=\"w:normal;l:22;a:inherit;\"\n\t\t\t\t\t\t\t\t\t\t\tdata-dim=\"w:auto,auto,100%,100%;\"\n\t\t\t\t\t\t\t\t\t\t\tdata-actions='o:click;a:simplelink;target:_self;url:https:\/\/www.cavilam.com\/es\/frances-general\/;'\n\t\t\t\t\t\t\t\t\t\t\tdata-frame_0=\"o:1;\"\n\t\t\t\t\t\t\t\t\t\t\tdata-frame_1=\"st:1740;\"\n\t\t\t\t\t\t\t\t\t\t\tdata-frame_999=\"st:w;sR:6960;\"\n\t\t\t\t\t\t\t\t\t\t\tstyle=\"z-index:7;\"\n\t\t\t\t\t\t\t\t\t\t><img fetchpriority=\"high\" decoding=\"async\" src=\"\/\/www.cavilam.com\/wp-content\/plugins\/revslider\/public\/assets\/assets\/dummy.png\" alt=\"\" class=\"tp-rs-img rs-lazyload\" width=\"652\" height=\"714\" data-lazyload=\"\/\/www.cavilam.com\/wp-content\/uploads\/2022\/08\/CAVILAM-AF-SITE-ACCUEIL-Programa-de-inmersion-en-Vichy-3.png\" data-no-retina> \n\t\t\t\t\t\t\t\t\t\t<\/rs-layer><!--\n\t\t\t\t\t\t\t\t\t--><\/rs-column><!--\n\n\t\t\t\t\t\t\t\t\t--><rs-column\n\t\t\t\t\t\t\t\t\t\tid=\"slider-34-slide-292-layer-9\" \n\t\t\t\t\t\t\t\t\t\tdata-type=\"column\"\n\t\t\t\t\t\t\t\t\t\tdata-xy=\"xo:480px;\"\n\t\t\t\t\t\t\t\t\t\tdata-text=\"l:22;a:inherit;\"\n\t\t\t\t\t\t\t\t\t\tdata-vbility=\"t,t,f,f\"\n\t\t\t\t\t\t\t\t\t\tdata-rsp_bd=\"off\"\n\t\t\t\t\t\t\t\t\t\tdata-frame_0=\"o:1;\"\n\t\t\t\t\t\t\t\t\t\tdata-frame_1=\"st:1740;\"\n\t\t\t\t\t\t\t\t\t\tdata-frame_999=\"st:w;sR:6960;sA:9000;\"\n\t\t\t\t\t\t\t\t\t\tstyle=\"z-index:8;width:100%;\"\n\t\t\t\t\t\t\t\t\t><!--\n\t\t\t\t\t\t\t\t\t\t--><rs-layer\n\t\t\t\t\t\t\t\t\t\t\tid=\"slider-34-slide-292-layer-38\" \n\t\t\t\t\t\t\t\t\t\t\tdata-type=\"image\"\n\t\t\t\t\t\t\t\t\t\t\tdata-rsp_ch=\"on\"\n\t\t\t\t\t\t\t\t\t\t\tdata-xy=\"\"\n\t\t\t\t\t\t\t\t\t\t\tdata-pos=\"r\"\n\t\t\t\t\t\t\t\t\t\t\tdata-text=\"w:normal;l:22;a:inherit;\"\n\t\t\t\t\t\t\t\t\t\t\tdata-dim=\"w:auto,auto,100%,100%;\"\n\t\t\t\t\t\t\t\t\t\t\tdata-actions='o:click;a:simplelink;target:_self;url:https:\/\/www.cavilam.com\/formations-en-ligne\/;'\n\t\t\t\t\t\t\t\t\t\t\tdata-frame_0=\"o:1;\"\n\t\t\t\t\t\t\t\t\t\t\tdata-frame_1=\"st:1740;\"\n\t\t\t\t\t\t\t\t\t\t\tdata-frame_999=\"st:w;sR:6960;\"\n\t\t\t\t\t\t\t\t\t\t\tstyle=\"z-index:9;cursor:pointer;\"\n\t\t\t\t\t\t\t\t\t\t><img decoding=\"async\" src=\"\/\/www.cavilam.com\/wp-content\/plugins\/revslider\/public\/assets\/assets\/dummy.png\" alt=\"\" class=\"tp-rs-img rs-lazyload\" width=\"652\" height=\"392\" data-lazyload=\"\/\/www.cavilam.com\/wp-content\/uploads\/revslider\/homepage-slide-du-haut-es\/CAVILAM-AF-SITE-ACCUEIL-Cursos-para-profesores-en-linea.jpg\" data-no-retina> \n\t\t\t\t\t\t\t\t\t\t<\/rs-layer><!--\n\n\t\t\t\t\t\t\t\t\t\t--><rs-layer\n\t\t\t\t\t\t\t\t\t\t\tid=\"slider-34-slide-292-layer-39\" \n\t\t\t\t\t\t\t\t\t\t\tdata-type=\"image\"\n\t\t\t\t\t\t\t\t\t\t\tdata-rsp_ch=\"on\"\n\t\t\t\t\t\t\t\t\t\t\tdata-xy=\"\"\n\t\t\t\t\t\t\t\t\t\t\tdata-pos=\"r\"\n\t\t\t\t\t\t\t\t\t\t\tdata-text=\"w:normal;l:22;a:inherit;\"\n\t\t\t\t\t\t\t\t\t\t\tdata-dim=\"w:auto,auto,100%,100%;\"\n\t\t\t\t\t\t\t\t\t\t\tdata-actions='o:click;a:simplelink;target:_self;url:https:\/\/www.cavilam.com\/es\/project-categories\/frances-general-en-linea\/;'\n\t\t\t\t\t\t\t\t\t\t\tdata-frame_0=\"o:1;\"\n\t\t\t\t\t\t\t\t\t\t\tdata-frame_1=\"st:1740;\"\n\t\t\t\t\t\t\t\t\t\t\tdata-frame_999=\"st:w;sR:6960;\"\n\t\t\t\t\t\t\t\t\t\t\tstyle=\"z-index:10;cursor:pointer;position:relative;top:-1px;\"\n\t\t\t\t\t\t\t\t\t\t><img decoding=\"async\" src=\"\/\/www.cavilam.com\/wp-content\/plugins\/revslider\/public\/assets\/assets\/dummy.png\" alt=\"\" class=\"tp-rs-img rs-lazyload\" width=\"652\" height=\"321\" data-lazyload=\"\/\/www.cavilam.com\/wp-content\/uploads\/2021\/10\/CAVILAM-AF-SITE-ACCUEIL-Cursos-de-frances-en-linea-2.jpg\" data-no-retina> \n\t\t\t\t\t\t\t\t\t\t<\/rs-layer><!--\n\t\t\t\t\t\t\t\t\t--><\/rs-column><!--\n\n\t\t\t\t\t\t\t\t\t--><rs-column\n\t\t\t\t\t\t\t\t\t\tid=\"slider-34-slide-292-layer-10\" \n\t\t\t\t\t\t\t\t\t\tdata-type=\"column\"\n\t\t\t\t\t\t\t\t\t\tdata-xy=\"xo:960px;\"\n\t\t\t\t\t\t\t\t\t\tdata-text=\"l:22;a:inherit;\"\n\t\t\t\t\t\t\t\t\t\tdata-rsp_bd=\"off\"\n\t\t\t\t\t\t\t\t\t\tdata-frame_0=\"o:1;\"\n\t\t\t\t\t\t\t\t\t\tdata-frame_1=\"st:1740;\"\n\t\t\t\t\t\t\t\t\t\tdata-frame_999=\"st:w;sR:6960;sA:9000;\"\n\t\t\t\t\t\t\t\t\t\tstyle=\"z-index:11;width:100%;\"\n\t\t\t\t\t\t\t\t\t><!--\n\t\t\t\t\t\t\t\t\t\t--><rs-layer\n\t\t\t\t\t\t\t\t\t\t\tid=\"slider-34-slide-292-layer-40\" \n\t\t\t\t\t\t\t\t\t\t\tdata-type=\"image\"\n\t\t\t\t\t\t\t\t\t\t\tdata-rsp_ch=\"on\"\n\t\t\t\t\t\t\t\t\t\t\tdata-xy=\"\"\n\t\t\t\t\t\t\t\t\t\t\tdata-pos=\"r\"\n\t\t\t\t\t\t\t\t\t\t\tdata-text=\"w:normal;l:22;a:inherit;\"\n\t\t\t\t\t\t\t\t\t\t\tdata-dim=\"w:auto,auto,100%,100%;\"\n\t\t\t\t\t\t\t\t\t\t\tdata-actions='o:click;a:simplelink;target:_self;url:https:\/\/www.cavilam.com\/formations-professeurs-en-presentiel\/;'\n\t\t\t\t\t\t\t\t\t\t\tdata-frame_0=\"o:1;\"\n\t\t\t\t\t\t\t\t\t\t\tdata-frame_1=\"st:1740;\"\n\t\t\t\t\t\t\t\t\t\t\tdata-frame_999=\"st:w;sR:6960;\"\n\t\t\t\t\t\t\t\t\t\t\tstyle=\"z-index:12;cursor:pointer;\"\n\t\t\t\t\t\t\t\t\t\t><img loading=\"lazy\" decoding=\"async\" src=\"\/\/www.cavilam.com\/wp-content\/plugins\/revslider\/public\/assets\/assets\/dummy.png\" alt=\"\" class=\"tp-rs-img rs-lazyload\" width=\"657\" height=\"714\" data-lazyload=\"\/\/www.cavilam.com\/wp-content\/uploads\/2021\/10\/CAVILAM-AF-SITE-ACCUEIL-Formacion-presencial-profesores-2.jpg\" data-no-retina> \n\t\t\t\t\t\t\t\t\t\t<\/rs-layer><!--\n\t\t\t\t\t\t\t\t\t--><\/rs-column><!--\n\t\t\t\t\t\t\t\t--><\/rs-row><!--\n\t\t\t\t\t\t\t--><\/rs-zone><!--\n-->\t\t\t\t\t\t<\/rs-slide>\n\t\t\t\t\t<\/rs-slides>\n\t\t\t\t<\/rs-module>\n\t\t\t\t<script>\n\t\t\t\t\tsetREVStartSize({c: 'rev_slider_34_1',rl:[1240,1024,778,480],el:[720,768,960,720],gw:[1920,1024,778,480],gh:[720,768,960,720],type:'hero',justify:'',layout:'fullwidth',mh:\"0\"});if (window.RS_MODULES!==undefined && window.RS_MODULES.modules!==undefined && window.RS_MODULES.modules[\"revslider341\"]!==undefined) {window.RS_MODULES.modules[\"revslider341\"].once = false;window.revapi34 = undefined;if (window.RS_MODULES.checkMinimal!==undefined) window.RS_MODULES.checkMinimal()}\n\t\t\t\t<\/script>\n\t\t\t<\/rs-module-wrap>\n\t\t\t<!-- END REVOLUTION SLIDER -->\n\n<div class=\"full-width-bg white\" style=\"padding-top: 35px;padding-bottom: 19px;\"><div class=\"content-container\">\n<h1 id=\"intro\">Aprender franc\u00e9s en el coraz\u00f3n de Francia<\/h1>\n<h2 class=\"sous-titre-accueil\">Aprender franc\u00e9s en Francia con CAVILAM &#8211; Alliance Fran\u00e7aise de Vichy. Situado en la regi\u00f3n de Auvernia, nuestra escuela es el lugar ideal para aprender franc\u00e9s mientras disfruta del estilo de vida franc\u00e9s. CAVILAM &#8211; Alliance Fran\u00e7aise ofrece, asimismo, cursos en l\u00ednea.<\/h2>\n<hr class=\"division\" \/>\n<section class=\"columns center\">\n<article class=\"col col5\"><a href=\"https:\/\/www.cavilam.com\/es\/project-categories\/cursos-en-linea\/\"><i class=\"fa fa-comments-o fa-5x\" style=\"color: #ccc;\" data-color-hover=\"f47d71\"><\/i><\/a><\/p>\n<h2 style=\"font-family: Open Sans; font-size: 18px;\">Cursos en l\u00ednea<\/h2>\n<p>Descubra nuestros nuevos cursos en l\u00ednea.<\/p><\/article>\n<article class=\"col col5\"><a href=\"https:\/\/www.cavilam.com\/es\/frances-general\/\"><i class=\"fa fa-laptop fa-5x\" style=\"color: #ccc;\" data-color-hover=\"f47d71\"><\/i><\/a><\/p>\n<h2 style=\"font-family: Open Sans; font-size: 18px;\">Cursos de franc\u00e9s<\/h2>\n<p>Organizamos cursos de franc\u00e9s en inmersi\u00f3n durante todo el a\u00f1o.<\/p><\/article>\n<article class=\"col col5\">\n<a href=\"https:\/\/www.cavilam.com\/calendrier-rencontres-pedagogiques\/\"><i class=\"fa fa-briefcase fa-5x\" style=\"color: #ccc;\" data-color-hover=\"f4d771\"><\/i><\/a><\/p>\n<h2 style=\"font-family: Open Sans; font-size: 18px;\">Entrenamiento profesional<\/h2>\n<p>Ayudamos a los profesionales del franc\u00e9s a desarrollar a\u00fan m\u00e1s sus habilidades.<\/p><\/article>\n<article class=\"col col5\">\n<a><i class=\"fa fa-globe fa-5x\" style=\"color: #ccc;\" data-color-hover=\"4bb4e0\"><\/i><\/a><\/p>\n<h2 style=\"font-family: Open Sans; font-size: 18px;\">Cursos de idiomas<\/h2>\n<p>Cursos de ingl\u00e9s, espa\u00f1ol, alem\u00e1n e italiano durante todo el a\u00f1o.<br \/><\/article>\n<article class=\"col col5\">\n<a href=\"http:\/\/www.leplaisirdapprendre.com\/\"><i class=\"fa fa-laptop fa-5x\" style=\"color: #ccc;\" data-color-hover=\"33cc00\"><\/i><\/a><\/p>\n<h2 style=\"font-family: Open Sans; font-size: 18px;\">Recursos educativos<\/h2>\n<p>Desarrollamos materiales pr\u00e1cticos para el aprendizaje de la lengua francesa.<\/p><\/article>\n<\/section>\n<\/div><\/div>\n<div id=\"carousel-home\"  class=\"page-portfolio\"><section class=\"columns portfolio hp-recent-work content-slider\"><h3>CENTRO FRANC\u00c9S DE ENSE\u00d1ANZA E INVESTIGACI\u00d3N PEDAG\u00d3GICA DESDE 1964<\/h3><div class=\"slider-box\"><div><article class=\"col col4\"><div><div class=\"img\"><a href=\"https:\/\/savoir.cavilam.com\/\"><img decoding=\"async\" class=\"attachment-project-thumbnail-medium size-project-thumbnail-medium wp-post-image\" src=\"https:\/\/www.cavilam.com\/wp-content\/uploads\/2020\/11\/CAVILAM-AF-SITE-ACCUEIL-Saver-como-ensenar-el-frances.jpg\"><\/a><div><ul><li><a href=\"\" class=\"action view\" title=\"Savoir Cavilam (es)\">View<\/a><\/li><\/ul> <\/div><\/div><\/div><\/article><article class=\"col col4\"><div><div class=\"img\"><a href=\"https:\/\/lafabrique.cavilam.com\/\"><img decoding=\"async\" class=\"attachment-project-thumbnail-medium size-project-thumbnail-medium wp-post-image\" src=\"https:\/\/www.cavilam.com\/wp-content\/uploads\/2020\/11\/CAVILAM-AF-SITE-ACCUEIL-La-Fabrique-ES.jpg\"><\/a><div><ul><li><a href=\"\" class=\"action view\" title=\"La Fabrique (es)\">View<\/a><\/li><\/ul> <\/div><\/div><\/div><\/article><article class=\"col col4\"><div><div class=\"img\"><a href=\"https:\/\/www.cavilam.com\/es\/project\/ensenar-fle-hoy-en-dia\/\"><img decoding=\"async\" class=\"attachment-project-thumbnail-medium size-project-thumbnail-medium wp-post-image\" src=\"https:\/\/www.cavilam.com\/wp-content\/uploads\/2020\/11\/CAVILAM-AF-SITE-ACCUEIL-Ensenar-FLE-hoy-en-dia-1-1.jpg\"><\/a><div><ul><li><a href=\"\" class=\"action view\" title=\"Esenar FLE\">View<\/a><\/li><\/ul> <\/div><\/div><\/div><\/article><article class=\"col col4\"><div><div class=\"img\"><a href=\"https:\/\/www.cavilam.com\/es\/la-escuela\/\"><img decoding=\"async\" class=\"attachment-project-thumbnail-medium size-project-thumbnail-medium wp-post-image\" src=\"https:\/\/www.cavilam.com\/wp-content\/uploads\/2020\/11\/CAVILAM-AF-SITE-ACCUEIL-Cavilam-Centro-de-excelencia-1-1.jpg\"><\/a><div><ul><li><a href=\"\" class=\"action view\" title=\"Alliance\">View<\/a><\/li><\/ul> <\/div><\/div><\/div><\/article><\/div><\/div><\/section><\/div>\n<section class=\"columns center\">\n<h3 class=\"testimonials\">Bolet\u00edn informativo<\/h3>\n<p class=\"sous-titre-accueil\">No se pierda ninguna de nuestras noticias, eventos y ofertas promocionales suscribi\u00e9ndose a nuestro bolet\u00edn informativo.<\/p>\n<div id=\"newsletter-project\"><button class=\"btn wysija-submit-field wysija-submit\" style=\"background-color: #2c4b97!important; margin-top: 15px;\" onclick=\"openNewsletterModal()\">Suscribirse<\/button><\/div>\n<\/section>\n<section class=\"columns center\">\n<div class=\"full-width-bg white\" style=\"padding-top: 30px;padding-bottom: 0px;\"><div class=\"content-container\"><\/div><\/div>\n<h2 class=\"testimonials\">Descubra el CAVILAM &#8211; Alliance Fran\u00e7aise en v\u00eddeo<\/h2>\n<p><iframe width=\"650\" height=\"366\" src=\"https:\/\/www.youtube.com\/embed\/jeawIVvg7Es\" title=\"YouTube video player\" frameborder=\"0\" allow=\"accelerometer; autoplay; clipboard-write; encrypted-media; gyroscope; picture-in-picture; web-share\" allowfullscreen><\/iframe><br \/>\n<\/section>\n<div class=\"full-width-bg\">\n<div class=\"custom-bg parallax bgsIE bg-image\" style=\"background-image: url('https:\/\/www.cavilam.com\/wp-content\/uploads\/2016\/10\/BatimentB.jpg');\"><\/div>\n<div class=\"content-container\" style=\"margin-top: 20px;\">\n<h2 style=\"text-align: center;\"><span style=\"color: #fff;\">Viva la aventura del franc\u00e9s<\/span><\/h2>\n<p style=\"text-align: center;\"><span style=\"color: #fff;\">Una variedad de cursos adaptados a sus necesidades ling\u00fc\u00edsticas<\/span><\/p>\n<p style=\"text-align: center;\"><a href=\"https:\/\/www.cavilam.com\/es\/nuestros-folletos\/\" class=\"btn large pink\">M\u00e1s informaci\u00f3n &gt;<\/a>\n<hr class=\"gap\" style=\"margin:58px 0 0 0;\">\n<p style=\"text-align: center;\"><img loading=\"lazy\" decoding=\"async\" class=\"aligncenter size-full\" style=\"margin-bottom: -32px;\" src=\"https:\/\/www.cavilam.com\/wp-content\/uploads\/2014\/07\/visuel-brochures.png\" alt=\"cursos de franc\u00e9s\" width=\"962\" height=\"340\" \/><\/p>\n<\/div>\n<\/div>\n<section style=\"margin-left: 5%;\"><div class=\"full-width-bg light-gray\" style=\"padding-top: 8px;padding-bottom: 10px;\"><div class=\"content-container\">\n<section class=\"columns\">\n<article class=\"col col2\">\n<h3 class=\"light\">UN CENTRO DE EXCELENCIA<\/h3>\n<p><strong>Creado en 1964, bajo la iniciativa de las universidades de Clermont-Ferrand y de la ciudad de Vichy, CAVILAM (Centre d\u2019Approches Vivantes des Langues et des M\u00e9dias), se incorpor\u00f3 en 2012 a la red internacional Alliance Fran\u00e7aise.<\/strong><\/p>\n<p>Un referente internacional, nuestro centro goza de reputaci\u00f3n mundial por la aplicaci\u00f3n de la pedagog\u00eda m\u00e1s innovadora. Recibe cada a\u00f1o a m\u00e1s de 5.000 cursillistas y estudiantes extranjeros procedentes de m\u00e1s de 120 nacionalidades en un ambiente acogedor y en un entorno excepcional.<br \/><\/article>\n<article class=\"col col2\">\n<h3 class=\"light\">NUESTRAS FORTALEZAS<\/h3>\n\n<ul class=\"checklist tick3\">\n<li>Ense\u00f1anza de gran calidad, refrendada por el sello \u201cQualit\u00e9 FLE\u201d<\/li>\n<li>Centro abierto todo el a\u00f1o<\/li>\n<li>Cursos presenciales y online<\/li>\n<li>Los cursos comienzan cada lunes<\/li>\n<li>Ciudad a escala humana<\/li>\n<li>Estilo de vida franc\u00e9s para favorecer la inmersi\u00f3n ling\u00fc\u00edstica<\/li>\n<li>Equipo a su escucha y disposici\u00f3n en permanencia<\/li>\n<\/ul><\/article><\/section><\/div><\/div>\n<\/section>\n<div class=\"full-width-bg white custom-class-1\" style=\"padding-top: 36px;padding-bottom: 32px;\"><div class=\"content-container\">\n<h2 class=\"testimonials\">Compa\u00f1eros<\/h2>\n<hr class=\"division\" style=\"max-width: 10%;\" \/>\n<section class=\"columns center no-top-margin custom-bottom-margin\">\n[one_eighth]<a href=\"https:\/\/www.fondation-alliancefr.org\/\"><img loading=\"lazy\" decoding=\"async\" style=\"padding: 0px 0px;\" src=\"https:\/\/www.cavilam.com\/wp-content\/uploads\/2020\/12\/fondation-des-alliances-francaises.jpg\" alt=\"Fondation des Alliances Fran\u00e7aises\" width=\"138\" height=\"63\" \/><\/a>[\/one_eighth]\n[one_eighth]<a href=\"https:\/\/www.uca.fr\/\"><img loading=\"lazy\" decoding=\"async\" style=\"padding: 0px 0px;\" src=\"https:\/\/www.cavilam.com\/wp-content\/uploads\/2018\/05\/UCA.png\" alt=\"UCA\" width=\"138\" height=\"63\" \/><\/a>[\/one_eighth]\n[one_eighth]<a href=\"https:\/\/www.campus-fle.fr\/fr\/\"><img loading=\"lazy\" decoding=\"async\" style=\"padding: 0px 0px;\" src=\"https:\/\/www.cavilam.com\/wp-content\/uploads\/2018\/05\/campus-fle.png\" alt=\"Campus FLE\" width=\"138\" height=\"63\" \/><\/a>[\/one_eighth]\n[one_eighth]<a href=\"https:\/\/www.ville-vichy.fr\/\"><img loading=\"lazy\" decoding=\"async\" style=\"padding: 0px 0px;\" src=\"https:\/\/www.cavilam.com\/wp-content\/uploads\/2018\/05\/ville-de-vichy.png\" alt=\"ville-de-vichy\" width=\"138\" height=\"63\" \/><\/a>[\/one_eighth]\n[one_eighth]<a href=\"http:\/\/www.tv5monde.com\/\"><img loading=\"lazy\" decoding=\"async\" style=\"padding: 0px 0px;\" src=\"https:\/\/www.cavilam.com\/wp-content\/uploads\/2018\/05\/tv5monde.png\" alt=\"tv5monde\" width=\"138\" height=\"63\" \/><\/a>[\/one_eighth]\n[one_eighth]<a href=\"https:\/\/www.vichy-communaute.fr\/\"><img loading=\"lazy\" decoding=\"async\" style=\"padding: 0px 0px;\" src=\"https:\/\/www.cavilam.com\/wp-content\/uploads\/2018\/05\/Vichy-communaute.png\" alt=\"Vichy Communaut\u00e9\" width=\"138\" height=\"63\" \/><\/a>[\/one_eighth]\n[one_eighth]<a href=\"https:\/\/www.campusfrance.org\/fr\"><img loading=\"lazy\" decoding=\"async\" style=\"padding: 0px 0px;\" src=\"https:\/\/www.cavilam.com\/wp-content\/uploads\/2018\/05\/campus-france.png\" alt=\"Campus france\" width=\"138\" height=\"63\" \/><\/a>[\/one_eighth]\n[one_eighth]<a href=\"https:\/\/www.esc-clermont.fr\/\"><img loading=\"lazy\" decoding=\"async\" style=\"padding: 0px 0px;\" src=\"https:\/\/www.cavilam.com\/wp-content\/uploads\/2018\/08\/esc.png\" alt=\"ESC\" width=\"138\" height=\"63\" \/><\/a>[\/one_eighth]\n[one_eighth]<a href=\"https:\/\/qualitefle.fr\/\"><img loading=\"lazy\" decoding=\"async\" style=\"padding: 0px 0px;\" src=\"https:\/\/www.cavilam.com\/wp-content\/uploads\/2018\/08\/fle.png\" alt=\"Qualit\u00e9 FLE\" width=\"138\" height=\"63\" \/><\/a>[\/one_eighth]\n[one_eighth]<a href=\"https:\/\/www.francophonie.org\/\"><img loading=\"lazy\" decoding=\"async\" style=\"padding: 0px 0px;\" src=\"https:\/\/www.cavilam.com\/wp-content\/uploads\/2019\/11\/OIF.jpeg\" alt=\"OIF\" width=\"138\" height=\"63\" \/><\/a>[\/one_eighth]\n[one_eighth]<a href=\"https:\/\/savoirs.rfi.fr\/\"><img loading=\"lazy\" decoding=\"async\" style=\"padding: 0px 0px;\" src=\"https:\/\/www.cavilam.com\/wp-content\/uploads\/2019\/11\/rfi-savoirs.jpeg\" alt=\"RFI SAVOIRS\" width=\"138\" height=\"63\" \/><\/a>[\/one_eighth]\n[one_eighth]<a href=\"http:\/\/www.santillanafrancais.com\/\"><img loading=\"lazy\" decoding=\"async\" style=\"padding: 0px 0px;\" src=\"https:\/\/www.cavilam.com\/wp-content\/uploads\/2019\/11\/santillana.jpeg\" alt=\"Santillana\" width=\"138\" height=\"63\" \/><\/a>[\/one_eighth]\n<\/section><\/div><\/div>\n","protected":false},"excerpt":{"rendered":"<p>Bolet\u00edn informativo No se pierda ninguna de nuestras noticias, eventos y ofertas promocionales suscribi\u00e9ndose a nuestro bolet\u00edn informativo. Suscribirse<\/p>\n","protected":false},"author":3,"featured_media":0,"parent":0,"menu_order":0,"comment_status":"closed","ping_status":"closed","template":"","meta":{"_acf_changed":false,"footnotes":""},"class_list":["post-12682","page","type-page","status-publish","hentry"],"acf":[],"yoast_head":"<!-- This site is optimized with the Yoast SEO plugin v27.4 - https:\/\/yoast.com\/product\/yoast-seo-wordpress\/ -->\n<title>Pruebas y Ex\u00e1menes en franc\u00e9s : DELF DALF TCF, registro en l\u00ednea<\/title>\n<meta name=\"description\" content=\"Diplomas otorgados por el Ministerio de Educaci\u00f3n Nacional de Francia: Los resultados est\u00e1n disponibles en 10 d\u00edas.\" \/>\n<meta name=\"robots\" content=\"index, follow, max-snippet:-1, max-image-preview:large, max-video-preview:-1\" \/>\n<link rel=\"canonical\" href=\"https:\/\/www.cavilam.com\/es\/\" \/>\n<meta property=\"og:locale\" content=\"es_ES\" \/>\n<meta property=\"og:type\" content=\"article\" \/>\n<meta property=\"og:title\" content=\"Pruebas y Ex\u00e1menes en franc\u00e9s : DELF DALF TCF, registro en l\u00ednea\" \/>\n<meta property=\"og:description\" content=\"Diplomas otorgados por el Ministerio de Educaci\u00f3n Nacional de Francia: Los resultados est\u00e1n disponibles en 10 d\u00edas.\" \/>\n<meta property=\"og:url\" content=\"https:\/\/www.cavilam.com\/es\/\" \/>\n<meta property=\"og:site_name\" content=\"CAVILAM - Alliance Fran\u00e7aise\" \/>\n<meta property=\"article:publisher\" content=\"https:\/\/www.facebook.com\/cavilamofficiel\" \/>\n<meta property=\"article:modified_time\" content=\"2024-06-20T13:33:24+00:00\" \/>\n<meta property=\"og:image\" content=\"https:\/\/www.cavilam.com\/wp-content\/uploads\/2014\/07\/visuel-brochures.png\" \/>\n<meta name=\"twitter:card\" content=\"summary_large_image\" \/>\n<meta name=\"twitter:site\" content=\"@cavilamvichy\" \/>\n<meta name=\"twitter:label1\" content=\"Est. reading time\" \/>\n\t<meta name=\"twitter:data1\" content=\"5 minutes\" \/>\n<script type=\"application\/ld+json\" class=\"yoast-schema-graph\">{\"@context\":\"https:\\\/\\\/schema.org\",\"@graph\":[{\"@type\":\"WebPage\",\"@id\":\"https:\\\/\\\/www.cavilam.com\\\/es\\\/\",\"url\":\"https:\\\/\\\/www.cavilam.com\\\/es\\\/\",\"name\":\"Pruebas y Ex\u00e1menes en franc\u00e9s : DELF DALF TCF, registro en l\u00ednea\",\"isPartOf\":{\"@id\":\"https:\\\/\\\/www.cavilam.com\\\/es\\\/#website\"},\"primaryImageOfPage\":{\"@id\":\"https:\\\/\\\/www.cavilam.com\\\/es\\\/#primaryimage\"},\"image\":{\"@id\":\"https:\\\/\\\/www.cavilam.com\\\/es\\\/#primaryimage\"},\"thumbnailUrl\":\"https:\\\/\\\/www.cavilam.com\\\/wp-content\\\/uploads\\\/2014\\\/07\\\/visuel-brochures.png\",\"datePublished\":\"2016-10-13T14:58:26+00:00\",\"dateModified\":\"2024-06-20T13:33:24+00:00\",\"description\":\"Diplomas otorgados por el Ministerio de Educaci\u00f3n Nacional de Francia: Los resultados est\u00e1n disponibles en 10 d\u00edas.\",\"breadcrumb\":{\"@id\":\"https:\\\/\\\/www.cavilam.com\\\/es\\\/#breadcrumb\"},\"inLanguage\":\"es-ES\",\"potentialAction\":[{\"@type\":\"ReadAction\",\"target\":[\"https:\\\/\\\/www.cavilam.com\\\/es\\\/\"]}]},{\"@type\":\"ImageObject\",\"inLanguage\":\"es-ES\",\"@id\":\"https:\\\/\\\/www.cavilam.com\\\/es\\\/#primaryimage\",\"url\":\"https:\\\/\\\/www.cavilam.com\\\/wp-content\\\/uploads\\\/2014\\\/07\\\/visuel-brochures.png\",\"contentUrl\":\"https:\\\/\\\/www.cavilam.com\\\/wp-content\\\/uploads\\\/2014\\\/07\\\/visuel-brochures.png\"},{\"@type\":\"BreadcrumbList\",\"@id\":\"https:\\\/\\\/www.cavilam.com\\\/es\\\/#breadcrumb\",\"itemListElement\":[{\"@type\":\"ListItem\",\"position\":1,\"name\":\"Accueil\",\"item\":\"https:\\\/\\\/www.cavilam.com\\\/es\\\/\"},{\"@type\":\"ListItem\",\"position\":2,\"name\":\"Apprender Franc\u00e9s en el corazon de Francia\"}]},{\"@type\":\"WebSite\",\"@id\":\"https:\\\/\\\/www.cavilam.com\\\/es\\\/#website\",\"url\":\"https:\\\/\\\/www.cavilam.com\\\/es\\\/\",\"name\":\"CAVILAM - Alliance Fran\u00e7aise\",\"description\":\"Apprendre le fran\u00e7ais en France\",\"publisher\":{\"@id\":\"https:\\\/\\\/www.cavilam.com\\\/es\\\/#organization\"},\"potentialAction\":[{\"@type\":\"SearchAction\",\"target\":{\"@type\":\"EntryPoint\",\"urlTemplate\":\"https:\\\/\\\/www.cavilam.com\\\/es\\\/?s={search_term_string}\"},\"query-input\":{\"@type\":\"PropertyValueSpecification\",\"valueRequired\":true,\"valueName\":\"search_term_string\"}}],\"inLanguage\":\"es-ES\"},{\"@type\":\"Organization\",\"@id\":\"https:\\\/\\\/www.cavilam.com\\\/es\\\/#organization\",\"name\":\"Cavilam Alliance Fran\u00e7aise\",\"url\":\"https:\\\/\\\/www.cavilam.com\\\/es\\\/\",\"logo\":{\"@type\":\"ImageObject\",\"inLanguage\":\"es-ES\",\"@id\":\"https:\\\/\\\/www.cavilam.com\\\/es\\\/#\\\/schema\\\/logo\\\/image\\\/\",\"url\":\"https:\\\/\\\/www.cavilam.com\\\/wp-content\\\/uploads\\\/2017\\\/05\\\/logo-site-1.png\",\"contentUrl\":\"https:\\\/\\\/www.cavilam.com\\\/wp-content\\\/uploads\\\/2017\\\/05\\\/logo-site-1.png\",\"width\":130,\"height\":92,\"caption\":\"Cavilam Alliance Fran\u00e7aise\"},\"image\":{\"@id\":\"https:\\\/\\\/www.cavilam.com\\\/es\\\/#\\\/schema\\\/logo\\\/image\\\/\"},\"sameAs\":[\"https:\\\/\\\/www.facebook.com\\\/cavilamofficiel\",\"https:\\\/\\\/x.com\\\/cavilamvichy\",\"https:\\\/\\\/www.youtube.com\\\/user\\\/CAVILAMVICHY\"]}]}<\/script>\n<!-- \/ Yoast SEO plugin. -->","yoast_head_json":{"title":"Pruebas y Ex\u00e1menes en franc\u00e9s : DELF DALF TCF, registro en l\u00ednea","description":"Diplomas otorgados por el Ministerio de Educaci\u00f3n Nacional de Francia: Los resultados est\u00e1n disponibles en 10 d\u00edas.","robots":{"index":"index","follow":"follow","max-snippet":"max-snippet:-1","max-image-preview":"max-image-preview:large","max-video-preview":"max-video-preview:-1"},"canonical":"https:\/\/www.cavilam.com\/es\/","og_locale":"es_ES","og_type":"article","og_title":"Pruebas y Ex\u00e1menes en franc\u00e9s : DELF DALF TCF, registro en l\u00ednea","og_description":"Diplomas otorgados por el Ministerio de Educaci\u00f3n Nacional de Francia: Los resultados est\u00e1n disponibles en 10 d\u00edas.","og_url":"https:\/\/www.cavilam.com\/es\/","og_site_name":"CAVILAM - Alliance Fran\u00e7aise","article_publisher":"https:\/\/www.facebook.com\/cavilamofficiel","article_modified_time":"2024-06-20T13:33:24+00:00","og_image":[{"url":"https:\/\/www.cavilam.com\/wp-content\/uploads\/2014\/07\/visuel-brochures.png","type":"","width":"","height":""}],"twitter_card":"summary_large_image","twitter_site":"@cavilamvichy","twitter_misc":{"Est. reading time":"5 minutes"},"schema":{"@context":"https:\/\/schema.org","@graph":[{"@type":"WebPage","@id":"https:\/\/www.cavilam.com\/es\/","url":"https:\/\/www.cavilam.com\/es\/","name":"Pruebas y Ex\u00e1menes en franc\u00e9s : DELF DALF TCF, registro en l\u00ednea","isPartOf":{"@id":"https:\/\/www.cavilam.com\/es\/#website"},"primaryImageOfPage":{"@id":"https:\/\/www.cavilam.com\/es\/#primaryimage"},"image":{"@id":"https:\/\/www.cavilam.com\/es\/#primaryimage"},"thumbnailUrl":"https:\/\/www.cavilam.com\/wp-content\/uploads\/2014\/07\/visuel-brochures.png","datePublished":"2016-10-13T14:58:26+00:00","dateModified":"2024-06-20T13:33:24+00:00","description":"Diplomas otorgados por el Ministerio de Educaci\u00f3n Nacional de Francia: Los resultados est\u00e1n disponibles en 10 d\u00edas.","breadcrumb":{"@id":"https:\/\/www.cavilam.com\/es\/#breadcrumb"},"inLanguage":"es-ES","potentialAction":[{"@type":"ReadAction","target":["https:\/\/www.cavilam.com\/es\/"]}]},{"@type":"ImageObject","inLanguage":"es-ES","@id":"https:\/\/www.cavilam.com\/es\/#primaryimage","url":"https:\/\/www.cavilam.com\/wp-content\/uploads\/2014\/07\/visuel-brochures.png","contentUrl":"https:\/\/www.cavilam.com\/wp-content\/uploads\/2014\/07\/visuel-brochures.png"},{"@type":"BreadcrumbList","@id":"https:\/\/www.cavilam.com\/es\/#breadcrumb","itemListElement":[{"@type":"ListItem","position":1,"name":"Accueil","item":"https:\/\/www.cavilam.com\/es\/"},{"@type":"ListItem","position":2,"name":"Apprender Franc\u00e9s en el corazon de Francia"}]},{"@type":"WebSite","@id":"https:\/\/www.cavilam.com\/es\/#website","url":"https:\/\/www.cavilam.com\/es\/","name":"CAVILAM - Alliance Fran\u00e7aise","description":"Apprendre le fran\u00e7ais en France","publisher":{"@id":"https:\/\/www.cavilam.com\/es\/#organization"},"potentialAction":[{"@type":"SearchAction","target":{"@type":"EntryPoint","urlTemplate":"https:\/\/www.cavilam.com\/es\/?s={search_term_string}"},"query-input":{"@type":"PropertyValueSpecification","valueRequired":true,"valueName":"search_term_string"}}],"inLanguage":"es-ES"},{"@type":"Organization","@id":"https:\/\/www.cavilam.com\/es\/#organization","name":"Cavilam Alliance Fran\u00e7aise","url":"https:\/\/www.cavilam.com\/es\/","logo":{"@type":"ImageObject","inLanguage":"es-ES","@id":"https:\/\/www.cavilam.com\/es\/#\/schema\/logo\/image\/","url":"https:\/\/www.cavilam.com\/wp-content\/uploads\/2017\/05\/logo-site-1.png","contentUrl":"https:\/\/www.cavilam.com\/wp-content\/uploads\/2017\/05\/logo-site-1.png","width":130,"height":92,"caption":"Cavilam Alliance Fran\u00e7aise"},"image":{"@id":"https:\/\/www.cavilam.com\/es\/#\/schema\/logo\/image\/"},"sameAs":["https:\/\/www.facebook.com\/cavilamofficiel","https:\/\/x.com\/cavilamvichy","https:\/\/www.youtube.com\/user\/CAVILAMVICHY"]}]}},"_links":{"self":[{"href":"https:\/\/www.cavilam.com\/es\/wp-json\/wp\/v2\/pages\/12682","targetHints":{"allow":["GET"]}}],"collection":[{"href":"https:\/\/www.cavilam.com\/es\/wp-json\/wp\/v2\/pages"}],"about":[{"href":"https:\/\/www.cavilam.com\/es\/wp-json\/wp\/v2\/types\/page"}],"author":[{"embeddable":true,"href":"https:\/\/www.cavilam.com\/es\/wp-json\/wp\/v2\/users\/3"}],"replies":[{"embeddable":true,"href":"https:\/\/www.cavilam.com\/es\/wp-json\/wp\/v2\/comments?post=12682"}],"version-history":[{"count":55,"href":"https:\/\/www.cavilam.com\/es\/wp-json\/wp\/v2\/pages\/12682\/revisions"}],"predecessor-version":[{"id":25070,"href":"https:\/\/www.cavilam.com\/es\/wp-json\/wp\/v2\/pages\/12682\/revisions\/25070"}],"wp:attachment":[{"href":"https:\/\/www.cavilam.com\/es\/wp-json\/wp\/v2\/media?parent=12682"}],"curies":[{"name":"wp","href":"https:\/\/api.w.org\/{rel}","templated":true}]}}