{"id":18612,"date":"2020-08-25T17:15:48","date_gmt":"2020-08-25T15:15:48","guid":{"rendered":"https:\/\/www.cavilam.com\/?page_id=18612"},"modified":"2023-01-02T15:36:31","modified_gmt":"2023-01-02T13:36:31","slug":"residencia-premium","status":"publish","type":"page","link":"https:\/\/www.cavilam.com\/es\/residencia-premium\/","title":{"rendered":"Residencia Premium"},"content":{"rendered":"<p>&nbsp;<\/p>\n<h1 id=\"m_-1455899435117691645gmail-stu\">&#8220;Le 86\u201d, residencia PREMIUM en CAVILAM<br \/><strong><small>A partir de 18 a\u00f1os.<\/strong><\/small><\/h1>\n<section class=\"columns larger-text\">\n<article class=\"col col3\">\n<p style=\"text-align: justify;\">\u00a1Elija la calidad, la proximidad y el confort de nuestra nueva residencia!<\/p>\n<p style=\"text-align: justify;\">Con una ubicaci\u00f3n ideal frente al edificio principal ya 5 minutos a pie del centro de la ciudad, nuestra residencia &#8220;Le 86&#8221; le da la bienvenida en un entorno contempor\u00e1neo con una decoraci\u00f3n de buen gusto.<\/p>\n<p style=\"text-align: justify;\">Los 23 grandes estudios con una superficie de 30m2 cumplen con los m\u00e1s altos est\u00e1ndares y requisitos. Numerosas \u00e1reas de relajaci\u00f3n completan los servicios.<\/p>\n<p style=\"text-align: justify;\">Alojamiento tipo departhotel Premium para estancias individuales o dobles.<\/p><\/article>\n<article class=\"col col23\">\n<img fetchpriority=\"high\" decoding=\"async\" class=\"alignnone wp-image-18852 size-full\" src=\"https:\/\/www.cavilam.com\/wp-content\/uploads\/2020\/10\/A_IMG_1314_5_6_7_8.jpg\" alt=\"\" width=\"1200\" height=\"799\" srcset=\"https:\/\/www.cavilam.com\/wp-content\/uploads\/2020\/10\/A_IMG_1314_5_6_7_8.jpg 1200w, https:\/\/www.cavilam.com\/wp-content\/uploads\/2020\/10\/A_IMG_1314_5_6_7_8-300x200.jpg 300w, https:\/\/www.cavilam.com\/wp-content\/uploads\/2020\/10\/A_IMG_1314_5_6_7_8-1024x682.jpg 1024w, https:\/\/www.cavilam.com\/wp-content\/uploads\/2020\/10\/A_IMG_1314_5_6_7_8-768x511.jpg 768w, https:\/\/www.cavilam.com\/wp-content\/uploads\/2020\/10\/A_IMG_1314_5_6_7_8-600x400.jpg 600w, https:\/\/www.cavilam.com\/wp-content\/uploads\/2020\/10\/A_IMG_1314_5_6_7_8-810x539.jpg 810w, https:\/\/www.cavilam.com\/wp-content\/uploads\/2020\/10\/A_IMG_1314_5_6_7_8-560x373.jpg 560w, https:\/\/www.cavilam.com\/wp-content\/uploads\/2020\/10\/A_IMG_1314_5_6_7_8-976x650.jpg 976w, https:\/\/www.cavilam.com\/wp-content\/uploads\/2020\/10\/A_IMG_1314_5_6_7_8-120x80.jpg 120w\" sizes=\"(max-width: 1200px) 100vw, 1200px\" \/><\/p><\/article>\n<\/section>\n<section class=\"columns larger-text\">\n<article class=\"col col3\">\n<h3 class=\"with-custom-margin-2\">Tarifas<\/h3>\n<div class=\"tabbed alt2\"><ul class=\"tabs\">\n<li><a href=\"#\"><i class=\"fa fa-calendar-o\"><\/i> <\/a><\/li>\n<li><a href=\"#\"><i class=\"fa fa-calendar-plus-o\"><\/i> <\/a><\/li>\n<li><a href=\"#\"><i class=\"fa fa-user-plus\"><\/i> <\/a><\/li>\n<li><a href=\"#\"><i class=\"fa fa-user-plus\"><\/i> <\/a><\/li>\n<\/ul><div class=\"tab-content\"> <strong>Estancia para 1 persona: 6 noches<\/strong><br \/>\n<i><small>Gracias por llegar el domingo y salir el s\u00e1bado.<\/small><\/i><br \/>\n01 Oct &#8211; 31 Marzo &#8230;&#8230;&#8230;&#8230;\u00a0<strong>65 \u20ac \/noche<\/strong><br \/>\n01 Abr &#8211; 30 Sep &#8230;&#8230;&#8230;&#8230;&#8230;.. <strong>75 \u20ac \/noche<\/strong><\/p>\n<\/div><div class=\"tab-content\"> <strong>Estancia para 1 persona: m\u00e1s de 6 noches<\/strong><br \/>\n01 Oct &#8211; 31 Marzo &#8230;&#8230;&#8230;&#8230;\u00a0<strong>59 \u20ac \/noche<\/strong><br \/>\n01 Abr &#8211; 30 Sep &#8230;&#8230;&#8230;&#8230;&#8230;. <strong>68 \u20ac \/noche<\/strong><\/p>\n<\/div><div class=\"tab-content\"> <strong>Estancia para 2 personas: 6 noches<\/strong><br \/>\n<i><small>Gracias por llegar el domingo y salir el s\u00e1bado.<\/small><\/i><br \/>\n01 Oct &#8211; 31 Marzo &#8230;&#8230;&#8230;&#8230;\u00a0<strong>75 \u20ac \/noche<\/strong><br \/>\n01 Abr &#8211; 30 Sep &#8230;&#8230;&#8230;&#8230;&#8230;.. <strong>85\u00a0\u20ac \/noche<\/strong><\/p>\n<\/div><div class=\"tab-content\"> <strong>Estancia para 2 personas: m\u00e1s de 6 noches<\/strong><br \/>\n01 Oct \u2013 31 Marzo\u2026\u2026\u2026\u2026<strong> 68 \u20ac \/noche<\/strong><br \/>\n01 Abr \u2013 30 Sep\u2026\u2026\u2026\u2026\u2026<strong> 77 \u20ac \/noche<\/strong><\/p>\n<\/div><\/div><\/article>\n<article class=\"col col23\">\n<h3>Incluido en el precio:<\/h3>\n\n<ul class=\"custom\">\n<li style=\"margin-left: 10px;\"><i class=\"fa fa-check fa-1x\" style=\"color: #e41b47;\"><\/i> Aire acondicionado<\/li>\n<li style=\"margin-left: 10px;\"><i class=\"fa fa-check fa-1x\" style=\"color: #e41b47;\"><\/i> Insonorizaci\u00f3n<\/li>\n<li style=\"margin-left: 10px;\"><i class=\"fa fa-check fa-1x\" style=\"color: #e41b47;\"><\/i> Seguridad (pitido de entrada independiente)<\/li>\n<li style=\"margin-left: 10px;\"><i class=\"fa fa-check fa-1x\" style=\"color: #e41b47;\"><\/i> Cocina americana amueblada y equipada (microondas, vitrocer\u00e1mica, cafetera, frigor\u00edfico, campana extractora, vajilla y menaje de cocina)<\/li>\n<li style=\"margin-left: 10px;\"><i class=\"fa fa-check fa-1x\" style=\"color: #e41b47;\"><\/i> Amplio ba\u00f1o privado con ducha a ras de suelo y wc con ducha de mano<\/li>\n<li style=\"margin-left: 10px;\"><i class=\"fa fa-check fa-1x\" style=\"color: #e41b47;\"><\/i> Televisi\u00f3n de pantalla plana y conexi\u00f3n WiFi<\/li>\n<li style=\"margin-left: 10px;\"><i class=\"fa fa-check fa-1x\" style=\"color: #e41b47;\"><\/i> Productos de hosteler\u00eda (gel de ducha, jab\u00f3n, champ\u00fa)<\/li>\n<li style=\"margin-left: 10px;\"><i class=\"fa fa-check fa-1x\" style=\"color: #e41b47;\"><\/i> S\u00e1banas y toallas de ba\u00f1o grandes, ropa de cama de calidad<\/li>\n<li style=\"margin-left: 10px;\"><i class=\"fa fa-check fa-1x\" style=\"color: #e41b47;\"><\/i> Servicio de cambio de s\u00e1banas y limpieza una vez por semana<\/li>\n<li style=\"margin-left: 10px;\"><i class=\"fa fa-check fa-1x\" style=\"color: #e41b47;\"><\/i> Terraza exterior com\u00fan<\/li>\n<li style=\"margin-left: 10px;\"><i class=\"fa fa-check fa-1x\" style=\"color: #e41b47;\"><\/i> Vivienda accesible para personas con movilidad reducida<\/li>\n<\/ul>\n\n<div>\n<h3>Adicionalmente (bajo pedido):<\/h3>\n\n<\/p><\/div>\n<div>\n<ul class=\"custom\">\n<li style=\"margin-left: 10px;\"><i class=\"fa fa-check fa-1x\" style=\"color: #e41b47;\"><\/i> Estacionamiento seguro accesible 24\/7<\/li>\n<li style=\"margin-left: 10px;\"><i class=\"fa fa-check fa-1x\" style=\"color: #e41b47;\"><\/i> Cuarto de lavado (lavadora y secadora) accesible las 24 horas del d\u00eda, los 7 d\u00edas de la semana<\/li>\n<\/ul>\n<\/div><\/article>\n<\/section>\n<p>La residencia PREMIUM del CAVILAM &#8211; Alliance Fran\u00e7aise est\u00e1 reservada prioritariamente a los participantes de nuestros cursos. Tambi\u00e9n es accesible, seg\u00fan la disponibilidad, para las personas que deseen permanecer en Vichy (estancia m\u00ednima: 6 noches).<\/p>\n<section class=\"columns center\"> <article class=\"col col3\"><a href=\"\/es\/formulaire-de-demande-de-sejour-le-86-residence-premium\/\" class=\"btn large green\" target=\"_blank\">Hacer una reserva<\/a><\/article><\/section>\n","protected":false},"excerpt":{"rendered":"<p>&nbsp; &#8220;Le 86\u201d, residencia PREMIUM en CAVILAMA partir de 18 a\u00f1os. La residencia PREMIUM del CAVILAM &#8211; Alliance Fran\u00e7aise est\u00e1 reservada prioritariamente a los participantes de nuestros cursos. Tambi\u00e9n es accesible, seg\u00fan la disponibilidad, para las personas que deseen permanecer en Vichy (estancia m\u00ednima: 6 noches).<\/p>\n","protected":false},"author":3,"featured_media":0,"parent":0,"menu_order":0,"comment_status":"closed","ping_status":"closed","template":"","meta":{"_acf_changed":false,"footnotes":""},"class_list":["post-18612","page","type-page","status-publish","hentry"],"acf":[],"yoast_head":"<!-- This site is optimized with the Yoast SEO plugin v27.4 - https:\/\/yoast.com\/product\/yoast-seo-wordpress\/ -->\n<title>Residencia Premium - CAVILAM - Alliance Fran\u00e7aise<\/title>\n<meta name=\"robots\" content=\"index, follow, max-snippet:-1, max-image-preview:large, max-video-preview:-1\" \/>\n<link rel=\"canonical\" href=\"https:\/\/www.cavilam.com\/es\/residencia-premium\/\" \/>\n<meta property=\"og:locale\" content=\"es_ES\" \/>\n<meta property=\"og:type\" content=\"article\" \/>\n<meta property=\"og:title\" content=\"Residencia Premium - CAVILAM - Alliance Fran\u00e7aise\" \/>\n<meta property=\"og:description\" content=\"&nbsp; &#8220;Le 86\u201d, residencia PREMIUM en CAVILAMA partir de 18 a\u00f1os. La residencia PREMIUM del CAVILAM &#8211; Alliance Fran\u00e7aise est\u00e1 reservada prioritariamente a los participantes de nuestros cursos. Tambi\u00e9n es accesible, seg\u00fan la disponibilidad, para las personas que deseen permanecer en Vichy (estancia m\u00ednima: 6 noches).\" \/>\n<meta property=\"og:url\" content=\"https:\/\/www.cavilam.com\/es\/residencia-premium\/\" \/>\n<meta property=\"og:site_name\" content=\"CAVILAM - Alliance Fran\u00e7aise\" \/>\n<meta property=\"article:publisher\" content=\"https:\/\/www.facebook.com\/cavilamofficiel\" \/>\n<meta property=\"article:modified_time\" content=\"2023-01-02T13:36:31+00:00\" \/>\n<meta property=\"og:image\" content=\"https:\/\/www.cavilam.com\/wp-content\/uploads\/2020\/10\/A_IMG_1314_5_6_7_8.jpg\" \/>\n<meta name=\"twitter:card\" content=\"summary_large_image\" \/>\n<meta name=\"twitter:site\" content=\"@cavilamvichy\" \/>\n<meta name=\"twitter:label1\" content=\"Est. reading time\" \/>\n\t<meta name=\"twitter:data1\" content=\"3 minutes\" \/>\n<script type=\"application\/ld+json\" class=\"yoast-schema-graph\">{\"@context\":\"https:\\\/\\\/schema.org\",\"@graph\":[{\"@type\":\"WebPage\",\"@id\":\"https:\\\/\\\/www.cavilam.com\\\/es\\\/residencia-premium\\\/\",\"url\":\"https:\\\/\\\/www.cavilam.com\\\/es\\\/residencia-premium\\\/\",\"name\":\"Residencia Premium - CAVILAM - Alliance Fran\u00e7aise\",\"isPartOf\":{\"@id\":\"https:\\\/\\\/www.cavilam.com\\\/es\\\/#website\"},\"primaryImageOfPage\":{\"@id\":\"https:\\\/\\\/www.cavilam.com\\\/es\\\/residencia-premium\\\/#primaryimage\"},\"image\":{\"@id\":\"https:\\\/\\\/www.cavilam.com\\\/es\\\/residencia-premium\\\/#primaryimage\"},\"thumbnailUrl\":\"https:\\\/\\\/www.cavilam.com\\\/wp-content\\\/uploads\\\/2020\\\/10\\\/A_IMG_1314_5_6_7_8.jpg\",\"datePublished\":\"2020-08-25T15:15:48+00:00\",\"dateModified\":\"2023-01-02T13:36:31+00:00\",\"breadcrumb\":{\"@id\":\"https:\\\/\\\/www.cavilam.com\\\/es\\\/residencia-premium\\\/#breadcrumb\"},\"inLanguage\":\"es-ES\",\"potentialAction\":[{\"@type\":\"ReadAction\",\"target\":[\"https:\\\/\\\/www.cavilam.com\\\/es\\\/residencia-premium\\\/\"]}]},{\"@type\":\"ImageObject\",\"inLanguage\":\"es-ES\",\"@id\":\"https:\\\/\\\/www.cavilam.com\\\/es\\\/residencia-premium\\\/#primaryimage\",\"url\":\"https:\\\/\\\/www.cavilam.com\\\/wp-content\\\/uploads\\\/2020\\\/10\\\/A_IMG_1314_5_6_7_8.jpg\",\"contentUrl\":\"https:\\\/\\\/www.cavilam.com\\\/wp-content\\\/uploads\\\/2020\\\/10\\\/A_IMG_1314_5_6_7_8.jpg\"},{\"@type\":\"BreadcrumbList\",\"@id\":\"https:\\\/\\\/www.cavilam.com\\\/es\\\/residencia-premium\\\/#breadcrumb\",\"itemListElement\":[{\"@type\":\"ListItem\",\"position\":1,\"name\":\"Accueil\",\"item\":\"https:\\\/\\\/www.cavilam.com\\\/es\\\/\"},{\"@type\":\"ListItem\",\"position\":2,\"name\":\"Residencia Premium\"}]},{\"@type\":\"WebSite\",\"@id\":\"https:\\\/\\\/www.cavilam.com\\\/es\\\/#website\",\"url\":\"https:\\\/\\\/www.cavilam.com\\\/es\\\/\",\"name\":\"CAVILAM - Alliance Fran\u00e7aise\",\"description\":\"Apprendre le fran\u00e7ais en France\",\"publisher\":{\"@id\":\"https:\\\/\\\/www.cavilam.com\\\/es\\\/#organization\"},\"potentialAction\":[{\"@type\":\"SearchAction\",\"target\":{\"@type\":\"EntryPoint\",\"urlTemplate\":\"https:\\\/\\\/www.cavilam.com\\\/es\\\/?s={search_term_string}\"},\"query-input\":{\"@type\":\"PropertyValueSpecification\",\"valueRequired\":true,\"valueName\":\"search_term_string\"}}],\"inLanguage\":\"es-ES\"},{\"@type\":\"Organization\",\"@id\":\"https:\\\/\\\/www.cavilam.com\\\/es\\\/#organization\",\"name\":\"Cavilam Alliance Fran\u00e7aise\",\"url\":\"https:\\\/\\\/www.cavilam.com\\\/es\\\/\",\"logo\":{\"@type\":\"ImageObject\",\"inLanguage\":\"es-ES\",\"@id\":\"https:\\\/\\\/www.cavilam.com\\\/es\\\/#\\\/schema\\\/logo\\\/image\\\/\",\"url\":\"https:\\\/\\\/www.cavilam.com\\\/wp-content\\\/uploads\\\/2017\\\/05\\\/logo-site-1.png\",\"contentUrl\":\"https:\\\/\\\/www.cavilam.com\\\/wp-content\\\/uploads\\\/2017\\\/05\\\/logo-site-1.png\",\"width\":130,\"height\":92,\"caption\":\"Cavilam Alliance Fran\u00e7aise\"},\"image\":{\"@id\":\"https:\\\/\\\/www.cavilam.com\\\/es\\\/#\\\/schema\\\/logo\\\/image\\\/\"},\"sameAs\":[\"https:\\\/\\\/www.facebook.com\\\/cavilamofficiel\",\"https:\\\/\\\/x.com\\\/cavilamvichy\",\"https:\\\/\\\/www.youtube.com\\\/user\\\/CAVILAMVICHY\"]}]}<\/script>\n<!-- \/ Yoast SEO plugin. -->","yoast_head_json":{"title":"Residencia Premium - CAVILAM - Alliance Fran\u00e7aise","robots":{"index":"index","follow":"follow","max-snippet":"max-snippet:-1","max-image-preview":"max-image-preview:large","max-video-preview":"max-video-preview:-1"},"canonical":"https:\/\/www.cavilam.com\/es\/residencia-premium\/","og_locale":"es_ES","og_type":"article","og_title":"Residencia Premium - CAVILAM - Alliance Fran\u00e7aise","og_description":"&nbsp; &#8220;Le 86\u201d, residencia PREMIUM en CAVILAMA partir de 18 a\u00f1os. La residencia PREMIUM del CAVILAM &#8211; Alliance Fran\u00e7aise est\u00e1 reservada prioritariamente a los participantes de nuestros cursos. Tambi\u00e9n es accesible, seg\u00fan la disponibilidad, para las personas que deseen permanecer en Vichy (estancia m\u00ednima: 6 noches).","og_url":"https:\/\/www.cavilam.com\/es\/residencia-premium\/","og_site_name":"CAVILAM - Alliance Fran\u00e7aise","article_publisher":"https:\/\/www.facebook.com\/cavilamofficiel","article_modified_time":"2023-01-02T13:36:31+00:00","og_image":[{"url":"https:\/\/www.cavilam.com\/wp-content\/uploads\/2020\/10\/A_IMG_1314_5_6_7_8.jpg","type":"","width":"","height":""}],"twitter_card":"summary_large_image","twitter_site":"@cavilamvichy","twitter_misc":{"Est. reading time":"3 minutes"},"schema":{"@context":"https:\/\/schema.org","@graph":[{"@type":"WebPage","@id":"https:\/\/www.cavilam.com\/es\/residencia-premium\/","url":"https:\/\/www.cavilam.com\/es\/residencia-premium\/","name":"Residencia Premium - CAVILAM - Alliance Fran\u00e7aise","isPartOf":{"@id":"https:\/\/www.cavilam.com\/es\/#website"},"primaryImageOfPage":{"@id":"https:\/\/www.cavilam.com\/es\/residencia-premium\/#primaryimage"},"image":{"@id":"https:\/\/www.cavilam.com\/es\/residencia-premium\/#primaryimage"},"thumbnailUrl":"https:\/\/www.cavilam.com\/wp-content\/uploads\/2020\/10\/A_IMG_1314_5_6_7_8.jpg","datePublished":"2020-08-25T15:15:48+00:00","dateModified":"2023-01-02T13:36:31+00:00","breadcrumb":{"@id":"https:\/\/www.cavilam.com\/es\/residencia-premium\/#breadcrumb"},"inLanguage":"es-ES","potentialAction":[{"@type":"ReadAction","target":["https:\/\/www.cavilam.com\/es\/residencia-premium\/"]}]},{"@type":"ImageObject","inLanguage":"es-ES","@id":"https:\/\/www.cavilam.com\/es\/residencia-premium\/#primaryimage","url":"https:\/\/www.cavilam.com\/wp-content\/uploads\/2020\/10\/A_IMG_1314_5_6_7_8.jpg","contentUrl":"https:\/\/www.cavilam.com\/wp-content\/uploads\/2020\/10\/A_IMG_1314_5_6_7_8.jpg"},{"@type":"BreadcrumbList","@id":"https:\/\/www.cavilam.com\/es\/residencia-premium\/#breadcrumb","itemListElement":[{"@type":"ListItem","position":1,"name":"Accueil","item":"https:\/\/www.cavilam.com\/es\/"},{"@type":"ListItem","position":2,"name":"Residencia Premium"}]},{"@type":"WebSite","@id":"https:\/\/www.cavilam.com\/es\/#website","url":"https:\/\/www.cavilam.com\/es\/","name":"CAVILAM - Alliance Fran\u00e7aise","description":"Apprendre le fran\u00e7ais en France","publisher":{"@id":"https:\/\/www.cavilam.com\/es\/#organization"},"potentialAction":[{"@type":"SearchAction","target":{"@type":"EntryPoint","urlTemplate":"https:\/\/www.cavilam.com\/es\/?s={search_term_string}"},"query-input":{"@type":"PropertyValueSpecification","valueRequired":true,"valueName":"search_term_string"}}],"inLanguage":"es-ES"},{"@type":"Organization","@id":"https:\/\/www.cavilam.com\/es\/#organization","name":"Cavilam Alliance Fran\u00e7aise","url":"https:\/\/www.cavilam.com\/es\/","logo":{"@type":"ImageObject","inLanguage":"es-ES","@id":"https:\/\/www.cavilam.com\/es\/#\/schema\/logo\/image\/","url":"https:\/\/www.cavilam.com\/wp-content\/uploads\/2017\/05\/logo-site-1.png","contentUrl":"https:\/\/www.cavilam.com\/wp-content\/uploads\/2017\/05\/logo-site-1.png","width":130,"height":92,"caption":"Cavilam Alliance Fran\u00e7aise"},"image":{"@id":"https:\/\/www.cavilam.com\/es\/#\/schema\/logo\/image\/"},"sameAs":["https:\/\/www.facebook.com\/cavilamofficiel","https:\/\/x.com\/cavilamvichy","https:\/\/www.youtube.com\/user\/CAVILAMVICHY"]}]}},"_links":{"self":[{"href":"https:\/\/www.cavilam.com\/es\/wp-json\/wp\/v2\/pages\/18612","targetHints":{"allow":["GET"]}}],"collection":[{"href":"https:\/\/www.cavilam.com\/es\/wp-json\/wp\/v2\/pages"}],"about":[{"href":"https:\/\/www.cavilam.com\/es\/wp-json\/wp\/v2\/types\/page"}],"author":[{"embeddable":true,"href":"https:\/\/www.cavilam.com\/es\/wp-json\/wp\/v2\/users\/3"}],"replies":[{"embeddable":true,"href":"https:\/\/www.cavilam.com\/es\/wp-json\/wp\/v2\/comments?post=18612"}],"version-history":[{"count":23,"href":"https:\/\/www.cavilam.com\/es\/wp-json\/wp\/v2\/pages\/18612\/revisions"}],"predecessor-version":[{"id":23499,"href":"https:\/\/www.cavilam.com\/es\/wp-json\/wp\/v2\/pages\/18612\/revisions\/23499"}],"wp:attachment":[{"href":"https:\/\/www.cavilam.com\/es\/wp-json\/wp\/v2\/media?parent=18612"}],"curies":[{"name":"wp","href":"https:\/\/api.w.org\/{rel}","templated":true}]}}