{"id":20437,"date":"2021-03-05T22:27:28","date_gmt":"2021-03-05T20:27:28","guid":{"rendered":"https:\/\/www.cavilam.com\/?page_id=20437"},"modified":"2022-08-04T17:39:56","modified_gmt":"2022-08-04T15:39:56","slug":"formacion-de-profesores","status":"publish","type":"page","link":"https:\/\/www.cavilam.com\/es\/formacion-de-profesores\/","title":{"rendered":"Formaci\u00f3n de profesores"},"content":{"rendered":"\t\t<div data-elementor-type=\"wp-page\" data-elementor-id=\"20437\" class=\"elementor elementor-20437\">\n\t\t\t\t\t\t<section class=\"elementor-section elementor-top-section elementor-element elementor-element-121614a3 elementor-section-boxed elementor-section-height-default elementor-section-height-default\" data-id=\"121614a3\" data-element_type=\"section\">\n\t\t\t\t\t\t<div class=\"elementor-container elementor-column-gap-default\">\n\t\t\t\t\t<div class=\"elementor-column elementor-col-50 elementor-top-column elementor-element elementor-element-413adb3e\" data-id=\"413adb3e\" data-element_type=\"column\">\n\t\t\t<div class=\"elementor-widget-wrap elementor-element-populated\">\n\t\t\t\t\t\t<div class=\"elementor-element elementor-element-3b85c0c4 elementor-widget elementor-widget-image\" data-id=\"3b85c0c4\" data-element_type=\"widget\" data-widget_type=\"image.default\">\n\t\t\t\t<div class=\"elementor-widget-container\">\n\t\t\t\t\t\t\t\t\t\t\t\t\t\t\t\t<a href=\"https:\/\/www.cavilam.com\/formations-professeurs-en-presentiel\/\">\n\t\t\t\t\t\t\t<img fetchpriority=\"high\" decoding=\"async\" width=\"810\" height=\"680\" src=\"https:\/\/www.cavilam.com\/wp-content\/uploads\/2021\/03\/Enseigner-le-franc\u0327ais-dynamiser-la-classe-au-quotidien-810x454-1.jpg\" class=\"attachment-large size-large wp-image-20250\" alt=\"\" srcset=\"https:\/\/www.cavilam.com\/wp-content\/uploads\/2021\/03\/Enseigner-le-franc\u0327ais-dynamiser-la-classe-au-quotidien-810x454-1.jpg 810w, https:\/\/www.cavilam.com\/wp-content\/uploads\/2021\/03\/Enseigner-le-franc\u0327ais-dynamiser-la-classe-au-quotidien-810x454-1-300x252.jpg 300w, https:\/\/www.cavilam.com\/wp-content\/uploads\/2021\/03\/Enseigner-le-franc\u0327ais-dynamiser-la-classe-au-quotidien-810x454-1-768x645.jpg 768w, https:\/\/www.cavilam.com\/wp-content\/uploads\/2021\/03\/Enseigner-le-franc\u0327ais-dynamiser-la-classe-au-quotidien-810x454-1-600x504.jpg 600w, https:\/\/www.cavilam.com\/wp-content\/uploads\/2021\/03\/Enseigner-le-franc\u0327ais-dynamiser-la-classe-au-quotidien-810x454-1-560x470.jpg 560w, https:\/\/www.cavilam.com\/wp-content\/uploads\/2021\/03\/Enseigner-le-franc\u0327ais-dynamiser-la-classe-au-quotidien-810x454-1-774x650.jpg 774w, https:\/\/www.cavilam.com\/wp-content\/uploads\/2021\/03\/Enseigner-le-franc\u0327ais-dynamiser-la-classe-au-quotidien-810x454-1-107x90.jpg 107w\" sizes=\"(max-width: 810px) 100vw, 810px\" \/>\t\t\t\t\t\t\t\t<\/a>\n\t\t\t\t\t\t\t\t\t\t\t\t\t\t\t<\/div>\n\t\t\t\t<\/div>\n\t\t\t\t<div class=\"elementor-element elementor-element-4738323a cous-francais-en-ligne-title elementor-widget elementor-widget-text-editor\" data-id=\"4738323a\" data-element_type=\"widget\" data-settings=\"{&quot;_animation&quot;:&quot;none&quot;}\" data-widget_type=\"text-editor.default\">\n\t\t\t\t<div class=\"elementor-widget-container\">\n\t\t\t\t\t\t\t\t\t<h2 style=\"text-align: center; color: white; font-weight: bold;\">Formaci\u00f3n presencial profesorado<\/h2>\t\t\t\t\t\t\t\t<\/div>\n\t\t\t\t<\/div>\n\t\t\t\t\t<\/div>\n\t\t<\/div>\n\t\t\t\t<div class=\"elementor-column elementor-col-50 elementor-top-column elementor-element elementor-element-42dc5679\" data-id=\"42dc5679\" data-element_type=\"column\">\n\t\t\t<div class=\"elementor-widget-wrap elementor-element-populated\">\n\t\t\t\t\t\t<div class=\"elementor-element elementor-element-67ac1bb9 elementor-widget elementor-widget-image\" data-id=\"67ac1bb9\" data-element_type=\"widget\" data-widget_type=\"image.default\">\n\t\t\t\t<div class=\"elementor-widget-container\">\n\t\t\t\t\t\t\t\t\t\t\t\t\t\t\t\t<a href=\"https:\/\/www.cavilam.com\/formations-professeurs-en-ligne\/\">\n\t\t\t\t\t\t\t<img decoding=\"async\" width=\"810\" height=\"680\" src=\"https:\/\/www.cavilam.com\/wp-content\/uploads\/2021\/03\/lire-810x456-1.png\" class=\"attachment-large size-large wp-image-20247\" alt=\"\" srcset=\"https:\/\/www.cavilam.com\/wp-content\/uploads\/2021\/03\/lire-810x456-1.png 810w, https:\/\/www.cavilam.com\/wp-content\/uploads\/2021\/03\/lire-810x456-1-300x252.png 300w, https:\/\/www.cavilam.com\/wp-content\/uploads\/2021\/03\/lire-810x456-1-768x645.png 768w, https:\/\/www.cavilam.com\/wp-content\/uploads\/2021\/03\/lire-810x456-1-600x504.png 600w, https:\/\/www.cavilam.com\/wp-content\/uploads\/2021\/03\/lire-810x456-1-560x470.png 560w, https:\/\/www.cavilam.com\/wp-content\/uploads\/2021\/03\/lire-810x456-1-774x650.png 774w, https:\/\/www.cavilam.com\/wp-content\/uploads\/2021\/03\/lire-810x456-1-107x90.png 107w\" sizes=\"(max-width: 810px) 100vw, 810px\" \/>\t\t\t\t\t\t\t\t<\/a>\n\t\t\t\t\t\t\t\t\t\t\t\t\t\t\t<\/div>\n\t\t\t\t<\/div>\n\t\t\t\t<div class=\"elementor-element elementor-element-a2c933b cous-francais-en-ligne-title elementor-widget elementor-widget-text-editor\" data-id=\"a2c933b\" data-element_type=\"widget\" data-settings=\"{&quot;_animation&quot;:&quot;none&quot;}\" data-widget_type=\"text-editor.default\">\n\t\t\t\t<div class=\"elementor-widget-container\">\n\t\t\t\t\t\t\t\t\t<h2 style=\"text-align: center; color: white; font-weight: bold;\">Formaci\u00f3n de profesores en l\u00ednea<\/h2>\t\t\t\t\t\t\t\t<\/div>\n\t\t\t\t<\/div>\n\t\t\t\t\t<\/div>\n\t\t<\/div>\n\t\t\t\t\t<\/div>\n\t\t<\/section>\n\t\t\t\t<section class=\"elementor-section elementor-top-section elementor-element elementor-element-d3a61b4 azfeg elementor-section-boxed elementor-section-height-default elementor-section-height-default\" data-id=\"d3a61b4\" data-element_type=\"section\">\n\t\t\t\t\t\t<div class=\"elementor-container elementor-column-gap-default\">\n\t\t\t\t\t<div class=\"elementor-column elementor-col-50 elementor-top-column elementor-element elementor-element-1a9a73d\" data-id=\"1a9a73d\" data-element_type=\"column\">\n\t\t\t<div class=\"elementor-widget-wrap elementor-element-populated\">\n\t\t\t\t\t\t<div class=\"elementor-element elementor-element-a8a4630 elementor-widget elementor-widget-image\" data-id=\"a8a4630\" data-element_type=\"widget\" data-widget_type=\"image.default\">\n\t\t\t\t<div class=\"elementor-widget-container\">\n\t\t\t\t\t\t\t\t\t\t\t\t\t\t\t\t<a href=\"https:\/\/www.cavilam.com\/project-categories\/formations-de-coordination-et-de-direction\/\">\n\t\t\t\t\t\t\t<img decoding=\"async\" width=\"810\" height=\"680\" src=\"https:\/\/www.cavilam.com\/wp-content\/uploads\/2021\/06\/cavilam-reynaud-ete2015-8349.jpg\" class=\"attachment-large size-large wp-image-20972\" alt=\"\" srcset=\"https:\/\/www.cavilam.com\/wp-content\/uploads\/2021\/06\/cavilam-reynaud-ete2015-8349.jpg 810w, https:\/\/www.cavilam.com\/wp-content\/uploads\/2021\/06\/cavilam-reynaud-ete2015-8349-300x252.jpg 300w, https:\/\/www.cavilam.com\/wp-content\/uploads\/2021\/06\/cavilam-reynaud-ete2015-8349-768x645.jpg 768w, https:\/\/www.cavilam.com\/wp-content\/uploads\/2021\/06\/cavilam-reynaud-ete2015-8349-600x504.jpg 600w, https:\/\/www.cavilam.com\/wp-content\/uploads\/2021\/06\/cavilam-reynaud-ete2015-8349-560x470.jpg 560w, https:\/\/www.cavilam.com\/wp-content\/uploads\/2021\/06\/cavilam-reynaud-ete2015-8349-774x650.jpg 774w, https:\/\/www.cavilam.com\/wp-content\/uploads\/2021\/06\/cavilam-reynaud-ete2015-8349-107x90.jpg 107w\" sizes=\"(max-width: 810px) 100vw, 810px\" \/>\t\t\t\t\t\t\t\t<\/a>\n\t\t\t\t\t\t\t\t\t\t\t\t\t\t\t<\/div>\n\t\t\t\t<\/div>\n\t\t\t\t<div class=\"elementor-element elementor-element-a0840d2 cous-francais-en-ligne-title elementor-widget elementor-widget-text-editor\" data-id=\"a0840d2\" data-element_type=\"widget\" data-settings=\"{&quot;_animation&quot;:&quot;none&quot;}\" data-widget_type=\"text-editor.default\">\n\t\t\t\t<div class=\"elementor-widget-container\">\n\t\t\t\t\t\t\t\t\t<h2 style=\"text-align: center; color: white; font-weight: bold;\"><a style=\"color: white;\" href=\"https:\/\/www.cavilam.com\/es\/project-categories\/formacion-en-gestion-y-coordinacion\/\">Formaci\u00f3n en gesti\u00f3n y coordinaci\u00f3n<\/a><\/h2>\t\t\t\t\t\t\t\t<\/div>\n\t\t\t\t<\/div>\n\t\t\t\t\t<\/div>\n\t\t<\/div>\n\t\t\t\t<div class=\"elementor-column elementor-col-50 elementor-top-column elementor-element elementor-element-adde7b5\" data-id=\"adde7b5\" data-element_type=\"column\">\n\t\t\t<div class=\"elementor-widget-wrap\">\n\t\t\t\t\t\t\t<\/div>\n\t\t<\/div>\n\t\t\t\t\t<\/div>\n\t\t<\/section>\n\t\t\t\t<\/div>\n\t\t","protected":false},"excerpt":{"rendered":"<p>Formaci\u00f3n presencial profesorado Formaci\u00f3n de profesores en l\u00ednea Formaci\u00f3n en gesti\u00f3n y coordinaci\u00f3n<\/p>\n","protected":false},"author":3,"featured_media":0,"parent":0,"menu_order":0,"comment_status":"closed","ping_status":"closed","template":"","meta":{"_acf_changed":false,"footnotes":""},"class_list":["post-20437","page","type-page","status-publish","hentry"],"acf":[],"yoast_head":"<!-- This site is optimized with the Yoast SEO plugin v27.4 - https:\/\/yoast.com\/product\/yoast-seo-wordpress\/ -->\n<title>Formaci\u00f3n de profesores - CAVILAM - Alliance Fran\u00e7aise<\/title>\n<meta name=\"robots\" content=\"index, follow, max-snippet:-1, max-image-preview:large, max-video-preview:-1\" \/>\n<link rel=\"canonical\" href=\"https:\/\/www.cavilam.com\/es\/formacion-de-profesores\/\" \/>\n<meta property=\"og:locale\" content=\"es_ES\" \/>\n<meta property=\"og:type\" content=\"article\" \/>\n<meta property=\"og:title\" content=\"Formaci\u00f3n de profesores - CAVILAM - Alliance Fran\u00e7aise\" \/>\n<meta property=\"og:description\" content=\"Formaci\u00f3n presencial profesorado Formaci\u00f3n de profesores en l\u00ednea Formaci\u00f3n en gesti\u00f3n y coordinaci\u00f3n\" \/>\n<meta property=\"og:url\" content=\"https:\/\/www.cavilam.com\/es\/formacion-de-profesores\/\" \/>\n<meta property=\"og:site_name\" content=\"CAVILAM - Alliance Fran\u00e7aise\" \/>\n<meta property=\"article:publisher\" content=\"https:\/\/www.facebook.com\/cavilamofficiel\" \/>\n<meta property=\"article:modified_time\" content=\"2022-08-04T15:39:56+00:00\" \/>\n<meta property=\"og:image\" content=\"https:\/\/www.cavilam.com\/wp-content\/uploads\/2021\/03\/lire-810x456-1.png\" \/>\n<meta name=\"twitter:card\" content=\"summary_large_image\" \/>\n<meta name=\"twitter:site\" content=\"@cavilamvichy\" \/>\n<meta name=\"twitter:label1\" content=\"Est. reading time\" \/>\n\t<meta name=\"twitter:data1\" content=\"1 minute\" \/>\n<script type=\"application\/ld+json\" class=\"yoast-schema-graph\">{\"@context\":\"https:\\\/\\\/schema.org\",\"@graph\":[{\"@type\":\"WebPage\",\"@id\":\"https:\\\/\\\/www.cavilam.com\\\/es\\\/formacion-de-profesores\\\/\",\"url\":\"https:\\\/\\\/www.cavilam.com\\\/es\\\/formacion-de-profesores\\\/\",\"name\":\"Formaci\u00f3n de profesores - CAVILAM - Alliance Fran\u00e7aise\",\"isPartOf\":{\"@id\":\"https:\\\/\\\/www.cavilam.com\\\/es\\\/#website\"},\"primaryImageOfPage\":{\"@id\":\"https:\\\/\\\/www.cavilam.com\\\/es\\\/formacion-de-profesores\\\/#primaryimage\"},\"image\":{\"@id\":\"https:\\\/\\\/www.cavilam.com\\\/es\\\/formacion-de-profesores\\\/#primaryimage\"},\"thumbnailUrl\":\"https:\\\/\\\/www.cavilam.com\\\/wp-content\\\/uploads\\\/2021\\\/03\\\/lire-810x456-1.png\",\"datePublished\":\"2021-03-05T20:27:28+00:00\",\"dateModified\":\"2022-08-04T15:39:56+00:00\",\"breadcrumb\":{\"@id\":\"https:\\\/\\\/www.cavilam.com\\\/es\\\/formacion-de-profesores\\\/#breadcrumb\"},\"inLanguage\":\"es-ES\",\"potentialAction\":[{\"@type\":\"ReadAction\",\"target\":[\"https:\\\/\\\/www.cavilam.com\\\/es\\\/formacion-de-profesores\\\/\"]}]},{\"@type\":\"ImageObject\",\"inLanguage\":\"es-ES\",\"@id\":\"https:\\\/\\\/www.cavilam.com\\\/es\\\/formacion-de-profesores\\\/#primaryimage\",\"url\":\"https:\\\/\\\/www.cavilam.com\\\/wp-content\\\/uploads\\\/2021\\\/03\\\/lire-810x456-1.png\",\"contentUrl\":\"https:\\\/\\\/www.cavilam.com\\\/wp-content\\\/uploads\\\/2021\\\/03\\\/lire-810x456-1.png\"},{\"@type\":\"BreadcrumbList\",\"@id\":\"https:\\\/\\\/www.cavilam.com\\\/es\\\/formacion-de-profesores\\\/#breadcrumb\",\"itemListElement\":[{\"@type\":\"ListItem\",\"position\":1,\"name\":\"Accueil\",\"item\":\"https:\\\/\\\/www.cavilam.com\\\/es\\\/\"},{\"@type\":\"ListItem\",\"position\":2,\"name\":\"Formaci\u00f3n de profesores\"}]},{\"@type\":\"WebSite\",\"@id\":\"https:\\\/\\\/www.cavilam.com\\\/es\\\/#website\",\"url\":\"https:\\\/\\\/www.cavilam.com\\\/es\\\/\",\"name\":\"CAVILAM - Alliance Fran\u00e7aise\",\"description\":\"Apprendre le fran\u00e7ais en France\",\"publisher\":{\"@id\":\"https:\\\/\\\/www.cavilam.com\\\/es\\\/#organization\"},\"potentialAction\":[{\"@type\":\"SearchAction\",\"target\":{\"@type\":\"EntryPoint\",\"urlTemplate\":\"https:\\\/\\\/www.cavilam.com\\\/es\\\/?s={search_term_string}\"},\"query-input\":{\"@type\":\"PropertyValueSpecification\",\"valueRequired\":true,\"valueName\":\"search_term_string\"}}],\"inLanguage\":\"es-ES\"},{\"@type\":\"Organization\",\"@id\":\"https:\\\/\\\/www.cavilam.com\\\/es\\\/#organization\",\"name\":\"Cavilam Alliance Fran\u00e7aise\",\"url\":\"https:\\\/\\\/www.cavilam.com\\\/es\\\/\",\"logo\":{\"@type\":\"ImageObject\",\"inLanguage\":\"es-ES\",\"@id\":\"https:\\\/\\\/www.cavilam.com\\\/es\\\/#\\\/schema\\\/logo\\\/image\\\/\",\"url\":\"https:\\\/\\\/www.cavilam.com\\\/wp-content\\\/uploads\\\/2017\\\/05\\\/logo-site-1.png\",\"contentUrl\":\"https:\\\/\\\/www.cavilam.com\\\/wp-content\\\/uploads\\\/2017\\\/05\\\/logo-site-1.png\",\"width\":130,\"height\":92,\"caption\":\"Cavilam Alliance Fran\u00e7aise\"},\"image\":{\"@id\":\"https:\\\/\\\/www.cavilam.com\\\/es\\\/#\\\/schema\\\/logo\\\/image\\\/\"},\"sameAs\":[\"https:\\\/\\\/www.facebook.com\\\/cavilamofficiel\",\"https:\\\/\\\/x.com\\\/cavilamvichy\",\"https:\\\/\\\/www.youtube.com\\\/user\\\/CAVILAMVICHY\"]}]}<\/script>\n<!-- \/ Yoast SEO plugin. -->","yoast_head_json":{"title":"Formaci\u00f3n de profesores - CAVILAM - Alliance Fran\u00e7aise","robots":{"index":"index","follow":"follow","max-snippet":"max-snippet:-1","max-image-preview":"max-image-preview:large","max-video-preview":"max-video-preview:-1"},"canonical":"https:\/\/www.cavilam.com\/es\/formacion-de-profesores\/","og_locale":"es_ES","og_type":"article","og_title":"Formaci\u00f3n de profesores - CAVILAM - Alliance Fran\u00e7aise","og_description":"Formaci\u00f3n presencial profesorado Formaci\u00f3n de profesores en l\u00ednea Formaci\u00f3n en gesti\u00f3n y coordinaci\u00f3n","og_url":"https:\/\/www.cavilam.com\/es\/formacion-de-profesores\/","og_site_name":"CAVILAM - Alliance Fran\u00e7aise","article_publisher":"https:\/\/www.facebook.com\/cavilamofficiel","article_modified_time":"2022-08-04T15:39:56+00:00","og_image":[{"url":"https:\/\/www.cavilam.com\/wp-content\/uploads\/2021\/03\/lire-810x456-1.png","type":"","width":"","height":""}],"twitter_card":"summary_large_image","twitter_site":"@cavilamvichy","twitter_misc":{"Est. reading time":"1 minute"},"schema":{"@context":"https:\/\/schema.org","@graph":[{"@type":"WebPage","@id":"https:\/\/www.cavilam.com\/es\/formacion-de-profesores\/","url":"https:\/\/www.cavilam.com\/es\/formacion-de-profesores\/","name":"Formaci\u00f3n de profesores - CAVILAM - Alliance Fran\u00e7aise","isPartOf":{"@id":"https:\/\/www.cavilam.com\/es\/#website"},"primaryImageOfPage":{"@id":"https:\/\/www.cavilam.com\/es\/formacion-de-profesores\/#primaryimage"},"image":{"@id":"https:\/\/www.cavilam.com\/es\/formacion-de-profesores\/#primaryimage"},"thumbnailUrl":"https:\/\/www.cavilam.com\/wp-content\/uploads\/2021\/03\/lire-810x456-1.png","datePublished":"2021-03-05T20:27:28+00:00","dateModified":"2022-08-04T15:39:56+00:00","breadcrumb":{"@id":"https:\/\/www.cavilam.com\/es\/formacion-de-profesores\/#breadcrumb"},"inLanguage":"es-ES","potentialAction":[{"@type":"ReadAction","target":["https:\/\/www.cavilam.com\/es\/formacion-de-profesores\/"]}]},{"@type":"ImageObject","inLanguage":"es-ES","@id":"https:\/\/www.cavilam.com\/es\/formacion-de-profesores\/#primaryimage","url":"https:\/\/www.cavilam.com\/wp-content\/uploads\/2021\/03\/lire-810x456-1.png","contentUrl":"https:\/\/www.cavilam.com\/wp-content\/uploads\/2021\/03\/lire-810x456-1.png"},{"@type":"BreadcrumbList","@id":"https:\/\/www.cavilam.com\/es\/formacion-de-profesores\/#breadcrumb","itemListElement":[{"@type":"ListItem","position":1,"name":"Accueil","item":"https:\/\/www.cavilam.com\/es\/"},{"@type":"ListItem","position":2,"name":"Formaci\u00f3n de profesores"}]},{"@type":"WebSite","@id":"https:\/\/www.cavilam.com\/es\/#website","url":"https:\/\/www.cavilam.com\/es\/","name":"CAVILAM - Alliance Fran\u00e7aise","description":"Apprendre le fran\u00e7ais en France","publisher":{"@id":"https:\/\/www.cavilam.com\/es\/#organization"},"potentialAction":[{"@type":"SearchAction","target":{"@type":"EntryPoint","urlTemplate":"https:\/\/www.cavilam.com\/es\/?s={search_term_string}"},"query-input":{"@type":"PropertyValueSpecification","valueRequired":true,"valueName":"search_term_string"}}],"inLanguage":"es-ES"},{"@type":"Organization","@id":"https:\/\/www.cavilam.com\/es\/#organization","name":"Cavilam Alliance Fran\u00e7aise","url":"https:\/\/www.cavilam.com\/es\/","logo":{"@type":"ImageObject","inLanguage":"es-ES","@id":"https:\/\/www.cavilam.com\/es\/#\/schema\/logo\/image\/","url":"https:\/\/www.cavilam.com\/wp-content\/uploads\/2017\/05\/logo-site-1.png","contentUrl":"https:\/\/www.cavilam.com\/wp-content\/uploads\/2017\/05\/logo-site-1.png","width":130,"height":92,"caption":"Cavilam Alliance Fran\u00e7aise"},"image":{"@id":"https:\/\/www.cavilam.com\/es\/#\/schema\/logo\/image\/"},"sameAs":["https:\/\/www.facebook.com\/cavilamofficiel","https:\/\/x.com\/cavilamvichy","https:\/\/www.youtube.com\/user\/CAVILAMVICHY"]}]}},"_links":{"self":[{"href":"https:\/\/www.cavilam.com\/es\/wp-json\/wp\/v2\/pages\/20437","targetHints":{"allow":["GET"]}}],"collection":[{"href":"https:\/\/www.cavilam.com\/es\/wp-json\/wp\/v2\/pages"}],"about":[{"href":"https:\/\/www.cavilam.com\/es\/wp-json\/wp\/v2\/types\/page"}],"author":[{"embeddable":true,"href":"https:\/\/www.cavilam.com\/es\/wp-json\/wp\/v2\/users\/3"}],"replies":[{"embeddable":true,"href":"https:\/\/www.cavilam.com\/es\/wp-json\/wp\/v2\/comments?post=20437"}],"version-history":[{"count":45,"href":"https:\/\/www.cavilam.com\/es\/wp-json\/wp\/v2\/pages\/20437\/revisions"}],"predecessor-version":[{"id":22326,"href":"https:\/\/www.cavilam.com\/es\/wp-json\/wp\/v2\/pages\/20437\/revisions\/22326"}],"wp:attachment":[{"href":"https:\/\/www.cavilam.com\/es\/wp-json\/wp\/v2\/media?parent=20437"}],"curies":[{"name":"wp","href":"https:\/\/api.w.org\/{rel}","templated":true}]}}